{"id":1569,"date":"2019-09-23T12:17:02","date_gmt":"2019-09-23T12:17:02","guid":{"rendered":"http:\/\/sjefvandepoelwandelweb.nl\/?page_id=1569"},"modified":"2019-09-25T15:04:37","modified_gmt":"2019-09-25T15:04:37","slug":"eifel-moezel-traumpfade","status":"publish","type":"page","link":"http:\/\/sjefvandepoelwandelweb.nl\/?page_id=1569","title":{"rendered":"Eifel Moezel (Traumpfade)"},"content":{"rendered":"\n<p>Voor de tweede keer in successie organiseren we een wandelweekend zonder zware rugzakken, vanuit \u00e9\u00e9n centraal punt. Dat kan een camping zijn, maar natuurlijk ook een vakantiehuisje of een hotel of pension. Om toch een beetje vast te houden aan onze kampeerervaringen uit het verleden kiezen wij opnieuw voor een camping. Ditmaal wordt het Camping Burgen bij het gelijknamige dorp, gelegen aan de zuidoever van de Duitse Moezel tussen Alken\/Brodenbach en Treis-Karden (zie ook onze voettocht \u2018Moezel \u2013 Untermosel\u2019 op deze wandelpagina). We huren daar een kleine \u2018Moselh\u00fctte\u2019, waarin twee tweepersoonsbedden boven elkaar zijn geplaatst. De hut is verder voorzien van een koelkast en talloze stopcontacten (!), maar er is g\u00e9\u00e9n stromend water of een kookgelegenheid. De campingeigenaar levert desgewenst echter, gratis, een tweepits elektrisch kooktoestel, waarmee je buiten onder de voorluifel van de hut kunt koken. De waterkraan is op de camping vlak in de buurt. Tot de inventaris hoort onder meer een draagbare hardplastic drinkwatertank. Ook het nodige vaatwerk is aanwezig. In de buurt van de Moselh\u00fctte zetten we een driepersoons rugzaktentje op, zodat er slaapplaats is voor zes \u00e0 zeven personen. Als je aan de voorkant van de hut een zelf meegenomen tarp opzet, kun je aangenaam en droog zitten. De gemakkelijke stoelen en een tafel worden \u2018om niet\u2019 door de camping geleverd. Slaapzakken zelf meenemen, \u00f3\u00f3k voor het overnachten in de Moselh\u00fctte, is de handigste oplossing.<\/p>\n\n\n\n<ul class=\"wp-block-gallery columns-1 is-cropped wp-block-gallery-1 is-layout-flex wp-block-gallery-is-layout-flex\"><li class=\"blocks-gallery-item\"><figure><img loading=\"lazy\" decoding=\"async\" width=\"1024\" height=\"768\" src=\"http:\/\/sjefvandepoelwandelweb.nl\/wp-content\/uploads\/2019\/09\/20190906_194052-1024x768.jpg\" alt=\"\" data-id=\"1585\" class=\"wp-image-1585\" srcset=\"http:\/\/sjefvandepoelwandelweb.nl\/wp-content\/uploads\/2019\/09\/20190906_194052-1024x768.jpg 1024w, http:\/\/sjefvandepoelwandelweb.nl\/wp-content\/uploads\/2019\/09\/20190906_194052-300x225.jpg 300w, http:\/\/sjefvandepoelwandelweb.nl\/wp-content\/uploads\/2019\/09\/20190906_194052-768x576.jpg 768w\" sizes=\"(max-width: 767px) 89vw, (max-width: 1000px) 54vw, (max-width: 1071px) 543px, 580px\" \/><figcaption>&#8211; Wat primitief ogende, maar toch comfortabele Moselh\u00fctte op Camping Burgen &#8211;<\/figcaption><\/figure><\/li><\/ul>\n\n\n\n<p>Het is, begin september, nogal druk op de camping met caravans en campers \u2013 niet echt een aantrekkelijke aanblik dus \u2013 maar de ondervonden service van de campingeigenaar maakt alles goed. Bij regenachtig en fris weer kan zonder bezwaar gebruik worden gemaakt van de nabije kantine van de camping. \u201cWil je iets drinken? Haal het maar uit de koelkast en schrijf het op!\u201d Nog nooit meegemaakt! De camping beschikt ook over een bescheiden winkeltje, waar men broodjes, bier, wijn, frisdranken en andere nuttige zaken te koop aanbiedt. Het sanitair van de camping ziet er prima uit!<\/p>\n\n\n\n<figure class=\"wp-block-image\"><img loading=\"lazy\" decoding=\"async\" width=\"1024\" height=\"498\" src=\"http:\/\/sjefvandepoelwandelweb.nl\/wp-content\/uploads\/2019\/09\/20190907_133124-1024x498.jpg\" alt=\"\" class=\"wp-image-1643\" srcset=\"http:\/\/sjefvandepoelwandelweb.nl\/wp-content\/uploads\/2019\/09\/20190907_133124-1024x498.jpg 1024w, http:\/\/sjefvandepoelwandelweb.nl\/wp-content\/uploads\/2019\/09\/20190907_133124-300x146.jpg 300w, http:\/\/sjefvandepoelwandelweb.nl\/wp-content\/uploads\/2019\/09\/20190907_133124-768x373.jpg 768w\" sizes=\"(max-width: 767px) 89vw, (max-width: 1000px) 54vw, (max-width: 1071px) 543px, 580px\" \/><\/figure>\n\n\n\n<p>Net\nals vorig jaar wandelen we niet uitsluitend vanaf de camping. We maken onder\nmeer kennis met het voor ons (nog) onbekende fenomeen van \u2018Traumpfade\u2019 \u2013 \u2018droompaden\u2019\n\u2013 van de Rijn, Moezel en Eifel, die te vinden zijn op de prachtige en zeer bruikbare\ninternetpagina <a href=\"http:\/\/www.traumpfade.info\">www.traumpfade.info<\/a> &nbsp;Plezierig wandelen in plaats van \u2018kilometervreten\u2019,\nzo luidt de kernboodschap van het project \u2018Traumpfade\u2019. Je vindt in dit gebied\n26 Traumpfade \u2013 altijd rondwandelingen \u2013 voor een hele of halve dag wandelen. Anders\ndan bij langeafstandswandelpaden, die in etappes en in meerdere dagen gelopen\nmoeten worden, kan je bij de Traumpfade elke morgen opnieuw kiezen of en zo ja,\nwaar je die dag wilt gaan wandelen. Uit een \u2018wandelkeuzemenu\u2019 kun je kiezen uit\nwandelroutes met verschillende lengtes, landschappen en thema\u2019s. Blijkens de\ntekst van de organisatie achter de Traumpfade staat niet elk Traumpfad op\nzichzelf: \u201cDe routes hebben een gemeenschappelijke filosofie en vormen samen een\nkeurmerk dat garant staat voor \u2018onvergetelijke wandelbelevenissen van de\nhoogste kwaliteit en met veel afwisseling\u2019. De Traumpfade zijn de eerste Duitse\ngekwalificeerde wandeltochten die wandelervaringen \u2018\u00e0 la carte\u2019 bieden, waarbij\nje kunt kiezen uit wandelingen van een halve of een hele dag: een absoluut\nunicum in de wandeldriehoek Rijn-Moezel-Eifel.\u201d Op de site vind je per\nTraumpfad alle benodigde informatie, waaronder een zeer bruikbare \u2018interactieve\ntourplanner\u2019. Je kunt desgewenst de route gemakkelijk overzetten op je eigen\nnavigatie-apparaat. Op YouTube kun je thuis alvast kennis nemen van deze Traumpfade.\nEne \u2018Dirk Outdoor\u2019 uit Duitsland heeft hier een interessant project van\ngemaakt. Dan weet je wat je te wachten staat!<\/p>\n\n\n\n<ul class=\"wp-block-gallery columns-1 is-cropped wp-block-gallery-2 is-layout-flex wp-block-gallery-is-layout-flex\"><li class=\"blocks-gallery-item\"><figure><img loading=\"lazy\" decoding=\"async\" width=\"1024\" height=\"768\" src=\"http:\/\/sjefvandepoelwandelweb.nl\/wp-content\/uploads\/2019\/09\/P1030058-1024x768.jpg\" alt=\"\" data-id=\"1612\" class=\"wp-image-1612\" srcset=\"http:\/\/sjefvandepoelwandelweb.nl\/wp-content\/uploads\/2019\/09\/P1030058-1024x768.jpg 1024w, http:\/\/sjefvandepoelwandelweb.nl\/wp-content\/uploads\/2019\/09\/P1030058-300x225.jpg 300w, http:\/\/sjefvandepoelwandelweb.nl\/wp-content\/uploads\/2019\/09\/P1030058-768x576.jpg 768w\" sizes=\"(max-width: 767px) 89vw, (max-width: 1000px) 54vw, (max-width: 1071px) 543px, 580px\" \/><figcaption>&#8211; Imposant spoorwegviaduct in het Brohltal &#8211; <\/figcaption><\/figure><\/li><\/ul>\n\n\n\n<p>Vanwege\ntegenvallende weersomstandigheden gedurende ons wandelweekend kunnen we niet\nalle vooraf geplande wandelingen maken. Op de eerste dag onderbreken we de\nautorit naar de camping voor het maken van onze eerste Traumpfad-wandeling: het\nRhein-Traumpfad <em>\u2018H\u00f6hlen- und\nSchluchtensteig\u2019<\/em>. De volgende dag opnieuw een Traumpfad: het Mosel-Traumpfad <em>\u2018Pyrmonter Felsensteig\u2019<\/em>. De\nderde dag besluiten we vanwege zeer slechte weersomstandigheden niet op pad te\ngaan. In plaats daarvan brengen we een bezoek aan de <em>\u2018Festung Ehrenbreitstein\u2019<\/em> bij Koblenz. In de namiddag lopen we nog\neen \u2018eigen route\u2019 vanaf de camping: een <em>\u2018Panorama rondwandeling Burgen\u2019<\/em>. Op de vierde en laatste dag van ons wandelweekend maken we een rondwandeling\nbij de aan de Moezel gelegen wijndorpjes L\u00f6f en Hatzenport, waarbij we gebruik maken\nvan de routes van de <em>Moselsteig <\/em>en de oude<em> Moselh\u00f6henweg<\/em>, twee langeafstandswandelpaden\nlangs de Moezel. Op de in ons bezit zijnde stafkaarten van de Eifelverein\nworden de Traumpfade (nog) niet aangegeven. Geen nood, want de kaarten op\ntraumpfade.info zijn prima en, belangrijker wellicht, in het veld wordt de\nroute van een Traumpfad uitstekend aangegeven. Uiteraard kun je een rondwandeling\nop elke gewenste plek beginnen, maar ieder Traumpfad kent een offici\u00eble\nstartplaats met voldoende parkeerruimte en met een informatief informatiepaneel,\nwaarop de te wandelen route nog eens duidelijk staat aangegeven. Op zijn Duits\nhelemaal top dus!! <\/p>\n\n\n\n<ul class=\"wp-block-gallery columns-1 is-cropped wp-block-gallery-3 is-layout-flex wp-block-gallery-is-layout-flex\"><li class=\"blocks-gallery-item\"><figure><img loading=\"lazy\" decoding=\"async\" width=\"1024\" height=\"768\" src=\"http:\/\/sjefvandepoelwandelweb.nl\/wp-content\/uploads\/2019\/09\/P1030148-1024x768.jpg\" alt=\"\" data-id=\"1613\" class=\"wp-image-1613\" srcset=\"http:\/\/sjefvandepoelwandelweb.nl\/wp-content\/uploads\/2019\/09\/P1030148-1024x768.jpg 1024w, http:\/\/sjefvandepoelwandelweb.nl\/wp-content\/uploads\/2019\/09\/P1030148-300x225.jpg 300w, http:\/\/sjefvandepoelwandelweb.nl\/wp-content\/uploads\/2019\/09\/P1030148-768x576.jpg 768w\" sizes=\"(max-width: 767px) 89vw, (max-width: 1000px) 54vw, (max-width: 1071px) 543px, 580px\" \/><figcaption>&#8211; Het Moezeldal bij het wijndorp Hatzeport, gezien vanaf de Rabenlay &#8211;  <\/figcaption><\/figure><\/li><\/ul>\n\n\n\n<p><em><strong>Dag 1: Rhein-Traumpfad \u2018H\u00f6hlen- und Schluchtensteig\u2019 (12 km)<\/strong><\/em><\/p>\n\n\n\n<p>De H\u00f6hlen- und Schluchtensteig \u2013 moeilijkheidsgraad\n\u2018mittel\u2019 \u2013 vind je onmiddellijk ten noorden van het vulkanische kratermeer Laacher\nSee in de Oost-Eifel, tussen de dorpen Kell, Wassenach en Burgbrohl. Zoals de\nnaam van het pad al aangeeft gaat het bij deze wandeling vooral om grotten en\nravijnen. De rivier de Rijn is weliswaar niet ver weg, maar die krijg je op deze\nrondwandeling niet te zien. De offici\u00eble startplaats van de H\u00f6hlen- und Schluchtensteig\n\u2013 Parkplatz Bergwege \u2013 ligt op de hoogvlakte tussen de dorpen Wassenach en Kell\naan de weg met nummer K57, iets ten noorden van boerderij Berghof. Als je een\nstafkaart bij je wil steken heb je Wanderkarte nr. 10, das Brohltal, schaal 1:25.000,\nvan de Eifelverein nodig. Maar let op \u2026 de offici\u00eble route van het Traumpfad staat,\nzoals gezegd, op deze stafkaart niet aangegeven en bovendien is niet elk paadje\nvan de offici\u00eble Traumpfad-route duidelijk terug te vinden tussen een wirwar\nvan bospaadjes. Niet hinderlijk op zich, omdat de route in het veld zeer goed\nwordt aangegeven. De H\u00f6hlen- und Schluchtensteig is vrijwel geheel onverhard. &nbsp;<\/p>\n\n\n\n<ul class=\"wp-block-gallery columns-1 is-cropped wp-block-gallery-4 is-layout-flex wp-block-gallery-is-layout-flex\"><li class=\"blocks-gallery-item\"><figure><img loading=\"lazy\" decoding=\"async\" width=\"1024\" height=\"768\" src=\"http:\/\/sjefvandepoelwandelweb.nl\/wp-content\/uploads\/2019\/09\/P1030043-1024x768.jpg\" alt=\"\" data-id=\"1586\" class=\"wp-image-1586\" srcset=\"http:\/\/sjefvandepoelwandelweb.nl\/wp-content\/uploads\/2019\/09\/P1030043-1024x768.jpg 1024w, http:\/\/sjefvandepoelwandelweb.nl\/wp-content\/uploads\/2019\/09\/P1030043-300x225.jpg 300w, http:\/\/sjefvandepoelwandelweb.nl\/wp-content\/uploads\/2019\/09\/P1030043-768x576.jpg 768w\" sizes=\"(max-width: 767px) 89vw, (max-width: 1000px) 54vw, (max-width: 1071px) 543px, 580px\" \/><figcaption>&#8211; Afdaling in het prachtige dal van de Krayerbach &#8211; <\/figcaption><\/figure><\/li><\/ul>\n\n\n\n<p>Vanaf de parkeerplaats wandel je naar beneden, het\ndal van de kleine Krayerbach in. Het is hier op de hoogvlakte nogal open, dus\nje kunt al wandelend van prachtige panorama\u2019s op het omringende landschap\ngenieten. Beneden in het dal aangekomen wandel je langs de Krayerm\u00fchle, waarna\nhet dal ongemerkt overgaat in het dal van de P\u00f6nterbach. Het is hier in het\ndicht begroeide beekdal prachtig wandelen, steeds over een licht dalend pad. Kort\nna het passeren van een schutzh\u00fctte steek je over een bruggetje de P\u00f6nterbach\nover en begin je aan een nogal steile klim, die gelukkig niet lang duurt. Boven\naangekomen loop je enige tijd over een aangenaam pad dat hier op en neer door\nhet bos slingert. Je passeert een mooi uitkijkpunt, waarvandaan je het diepe\ndal van de Brohlbach inkijkt, met beneden het half tussen de bomen verscholen Schloss\nSchweppenburg, dat een geschiedenis kent die teruggaat tot 1365. Nog fraaier is\nhet uitzicht op het vulkaanlandschap van het Brohltal dat verderop op je wacht\nbij het uitzichtpunt \u2018Sch\u00f6ne Aussicht\u2019 (zie over het Brohltal ook de voettocht \u2018Brohlbach\nen Ahr\u2019 op deze wandelpagina). Vanaf het aussichtspunkt daal je over kleine\nslingerpaadjes de dicht beboste steile heuvelrand af tot je uitkomt bij een imposant\nspoorwegviaduct van de \u2018Vulkaanexpress\u2019. Ter plekke is ook een horecabedrijf,\nJ\u00e4gerheim geheten, maar dat bedrijf is, kennelijk definitief, gesloten.<\/p>\n\n\n\n<ul class=\"wp-block-gallery columns-1 is-cropped wp-block-gallery-5 is-layout-flex wp-block-gallery-is-layout-flex\"><li class=\"blocks-gallery-item\"><figure><img loading=\"lazy\" decoding=\"async\" width=\"1024\" height=\"768\" src=\"http:\/\/sjefvandepoelwandelweb.nl\/wp-content\/uploads\/2019\/09\/P1030054-1024x768.jpg\" alt=\"\" data-id=\"1588\" class=\"wp-image-1588\" srcset=\"http:\/\/sjefvandepoelwandelweb.nl\/wp-content\/uploads\/2019\/09\/P1030054-1024x768.jpg 1024w, http:\/\/sjefvandepoelwandelweb.nl\/wp-content\/uploads\/2019\/09\/P1030054-300x225.jpg 300w, http:\/\/sjefvandepoelwandelweb.nl\/wp-content\/uploads\/2019\/09\/P1030054-768x576.jpg 768w\" sizes=\"(max-width: 767px) 89vw, (max-width: 1000px) 54vw, (max-width: 1071px) 543px, 580px\" \/><figcaption><em>&#8211; Het Brohltal, gezien vanaf het  uitzichtpunt &#8216;Sch\u00f6ne Aussicht&#8217;  &#8211; <\/em><\/figcaption><\/figure><\/li><\/ul>\n\n\n\n<p>Achter J\u00e4gerheim vind je in de tufstenen bergwand de zogenoemde \u2018Trassh\u00f6hlen\u2019, waar de H\u00f6hlen- und Schluchtensteig doorheen slingert. Deze grotten zijn niet natuurlijk, maar resultaat van graafwerkzaamheden waarmee reeds door de Romeinen is begonnen om bouwmateriaal te krijgen. In de 17<sup>e<\/sup> eeuw ontdekte men dat tufsteen ook prima was te verwerken tot cement. Deze werkzaamheden duurden tot het begin van de 20<sup>e<\/sup> eeuw. Nu zijn de Trassh\u00f6hlen een leuke bezienswaardigheid. Het meenemen van lampen is niet nodig. Echt stikdonker wordt het nooit op de route. <\/p>\n\n\n\n<ul class=\"wp-block-gallery columns-1 is-cropped wp-block-gallery-6 is-layout-flex wp-block-gallery-is-layout-flex\"><li class=\"blocks-gallery-item\"><figure><img loading=\"lazy\" decoding=\"async\" width=\"1024\" height=\"647\" src=\"http:\/\/sjefvandepoelwandelweb.nl\/wp-content\/uploads\/2019\/09\/P1030061-1024x647.jpg\" alt=\"\" data-id=\"1604\" class=\"wp-image-1604\" srcset=\"http:\/\/sjefvandepoelwandelweb.nl\/wp-content\/uploads\/2019\/09\/P1030061-1024x647.jpg 1024w, http:\/\/sjefvandepoelwandelweb.nl\/wp-content\/uploads\/2019\/09\/P1030061-300x190.jpg 300w, http:\/\/sjefvandepoelwandelweb.nl\/wp-content\/uploads\/2019\/09\/P1030061-768x486.jpg 768w\" sizes=\"(max-width: 767px) 89vw, (max-width: 1000px) 54vw, (max-width: 1071px) 543px, 580px\" \/><figcaption>&#8211; Trassh\u00f6hlen in het Brohltal &#8211; <\/figcaption><\/figure><\/li><\/ul>\n\n\n\n<p>Na het oversteken van de autoweg door het Brohltal arriveer je al snel bij het imposante gebouw van het \u2018Seniorendomizil Bad T\u00f6nisstein\u2019, alwaar je een horecapauze zou kunnen houden. Achter het gebouw start, parallel aan een autoweg, waar je gelukkig nauwelijks last van hebt, een prachtig pad door de \u2018Wolfsschlucht\u2019 met mooie rotsformaties, bronnen en een smalle, maar hoge waterval. Je komt ook langs een ru\u00efne-muur van het voormalige Karmelietenklooster T\u00f6nisstein uit 1465, dat in 1802 is opgeheven. Schitterend wandelen is het hier! <\/p>\n\n\n\n<ul class=\"wp-block-gallery columns-1 is-cropped wp-block-gallery-7 is-layout-flex wp-block-gallery-is-layout-flex\"><li class=\"blocks-gallery-item\"><figure><img loading=\"lazy\" decoding=\"async\" width=\"1024\" height=\"768\" src=\"http:\/\/sjefvandepoelwandelweb.nl\/wp-content\/uploads\/2019\/09\/P1030078-1024x768.jpg\" alt=\"\" data-id=\"1615\" class=\"wp-image-1615\" srcset=\"http:\/\/sjefvandepoelwandelweb.nl\/wp-content\/uploads\/2019\/09\/P1030078-1024x768.jpg 1024w, http:\/\/sjefvandepoelwandelweb.nl\/wp-content\/uploads\/2019\/09\/P1030078-300x225.jpg 300w, http:\/\/sjefvandepoelwandelweb.nl\/wp-content\/uploads\/2019\/09\/P1030078-768x576.jpg 768w\" sizes=\"(max-width: 767px) 89vw, (max-width: 1000px) 54vw, (max-width: 1071px) 543px, 580px\" \/><figcaption>&#8211; De indrukwekkende Wolfsschlucht bij Bad T\u00f6nisstein &#8211;  <\/figcaption><\/figure><\/li><\/ul>\n\n\n\n<p>Na het oversteken van de autoweg begin je aan de\nlaatste kilometers van dit Traumpfad. Door het bos gaand bereik je de \u2018R\u00f6merbrunnen\u2019,\ntwee niet ver van elkaar liggende bronnen uit de Romeinse tijd met\nkoolzuurhoudend mineraalwater. Heel fris ziet het water er overigens niet uit\nen de voorspelde lichte zwavelgeur konden wij niet waarnemen. Over een langzaam\nstijgend pad door het bos kom je opnieuw op Parkplatz Bergwege. Maar voor je\ndaar bent kun je opnieuw genieten van prachtige panorama\u2019s. Onze eerste\nkennismaking met een Traumpfad is ons uitstekend bevallen! &nbsp;&nbsp;&nbsp;&nbsp;&nbsp;&nbsp;&nbsp;<\/p>\n\n\n\n<ul class=\"wp-block-gallery columns-1 is-cropped wp-block-gallery-8 is-layout-flex wp-block-gallery-is-layout-flex\"><li class=\"blocks-gallery-item\"><figure><img loading=\"lazy\" decoding=\"async\" width=\"1024\" height=\"768\" src=\"http:\/\/sjefvandepoelwandelweb.nl\/wp-content\/uploads\/2019\/09\/P1030080-1024x768.jpg\" alt=\"\" data-id=\"1627\" class=\"wp-image-1627\" srcset=\"http:\/\/sjefvandepoelwandelweb.nl\/wp-content\/uploads\/2019\/09\/P1030080-1024x768.jpg 1024w, http:\/\/sjefvandepoelwandelweb.nl\/wp-content\/uploads\/2019\/09\/P1030080-300x225.jpg 300w, http:\/\/sjefvandepoelwandelweb.nl\/wp-content\/uploads\/2019\/09\/P1030080-768x576.jpg 768w\" sizes=\"(max-width: 767px) 89vw, (max-width: 1000px) 54vw, (max-width: 1071px) 543px, 580px\" \/><figcaption>&#8211; Een van de R\u00f6merbrunnen langs de H\u00f6hlen- und Schluchtensteig &#8211; <\/figcaption><\/figure><\/li><\/ul>\n\n\n\n<p><strong><em>Dag\n2: Mosel-Traumpfad \u2018Pyrmonter Felsensteig\u2019 (12 km)<\/em><\/strong><\/p>\n\n\n\n<p>Burg\nEltz, gelegen in het nauwe dal van de Elzbach, is een van de bekendste en\nfraaiste burchten in het gebied van de Moezel. Wat meer stroomopwaarts in het\ndal van de Elzbach vind je nog een mooie, maar minder bekende, middeleeuwse burcht:\nBurg Pyrmont. In 1225 werd de burcht voor het eerst vermeld. De burcht werd\nlater tot een \u2018Schloss\u2019 omgebouwd. Nu kan men er logeren en feesten geven. In\nde omgeving van de Burg is een Traumpfad uitgezet, dat de naam \u2018Pyrmonter\nFelsensteig\u2019 heeft meegekregen. Dit pad werd in 2015 \u2013 achteraf gezien naar\nonze mening een beetje overdreven \u2013 gekozen als \u2018het mooiste wandelpad van\nDuitsland\u2019. De naam doet bijvoorbeeld m\u00e9\u00e9r vermoeden dan de werkelijkheid.\nWeliswaar zijn op een flink deel van het pad imposante rotspartijen te zien,\nvooral in het beekdal van de Elz, maar met lastige klimpartijen over soms\ngladde rotsen zul je, al wandelend over de Felsensteig, niet te maken krijgen. Het\npad doet ook de omliggende hoogvlaktes aan, waar je niet veel beschutting\nvindt, maar wel imposante vergezichten op de Oost-Eifel. Ook bij dit vrijwel\ngeheel onverharde Traumpfad is de bewegwijzering zonder meer uitstekend te noemen.\nDe meest bruikbare stafkaart voor deze wandeling is Wanderkarte nr. 34, Maifeld\nund Untermosel, schaal 1:25.000. Zoals eerder gezegd, staat het Traumpfad als\nzodanig echter niet op deze Wanderkarte ingetekend.<\/p>\n\n\n\n<ul class=\"wp-block-gallery columns-1 is-cropped wp-block-gallery-9 is-layout-flex wp-block-gallery-is-layout-flex\"><li class=\"blocks-gallery-item\"><figure><img loading=\"lazy\" decoding=\"async\" width=\"1024\" height=\"768\" src=\"http:\/\/sjefvandepoelwandelweb.nl\/wp-content\/uploads\/2019\/09\/P1030124-1024x768.jpg\" alt=\"\" data-id=\"1617\" class=\"wp-image-1617\" srcset=\"http:\/\/sjefvandepoelwandelweb.nl\/wp-content\/uploads\/2019\/09\/P1030124-1024x768.jpg 1024w, http:\/\/sjefvandepoelwandelweb.nl\/wp-content\/uploads\/2019\/09\/P1030124-300x225.jpg 300w, http:\/\/sjefvandepoelwandelweb.nl\/wp-content\/uploads\/2019\/09\/P1030124-768x576.jpg 768w\" sizes=\"(max-width: 767px) 89vw, (max-width: 1000px) 54vw, (max-width: 1071px) 543px, 580px\" \/><figcaption>&#8211; Burg Pyrmont torent hoog boven het Elztal uit &#8211; <\/figcaption><\/figure><\/li><\/ul>\n\n\n\n<p>De\noffici\u00eble startplaats voor de Pyrmonter Felsensteig is op een parkeerplaats in het\ndal van de Elz tussen de dorpjes Roes en Pillig. Burg Pyrmont torent hoog boven\ndeze parkeerplaats uit. Vanaf de parkeerplaats steek je over een brug de Elz\nover. Beneden hoor je het geruis van de Elzbach-waterval en zie je de\nuitspanning Pyrmonter M\u00fchle, waar je na je wandeling kunt verpozen. Je volgt\neen klein eindje de autoweg, totdat de bewegwijzering aangeeft dat je naar\nrechts toe een stijgend bospad op moet gaan. Het pad komt uit op een weide en\nachter zie je nog net de toren van Burg Pyrmont. Het pad kruist de autoweg nog\neen keer en gaat dan direct naar links, waar je, toch wel onverwachts, een in\n1652 opgericht en in 1969 grondig gerenoveerd indrukwekkend religieus moment aantreft,\ngemaakt van tufsteen: \u2018Drei Kreuze\u2019. <\/p>\n\n\n\n<ul class=\"wp-block-gallery aligncenter columns-1 is-cropped wp-block-gallery-10 is-layout-flex wp-block-gallery-is-layout-flex\"><li class=\"blocks-gallery-item\"><figure><img loading=\"lazy\" decoding=\"async\" width=\"1024\" height=\"768\" src=\"http:\/\/sjefvandepoelwandelweb.nl\/wp-content\/uploads\/2019\/09\/P1030090-1024x768.jpg\" alt=\"\" data-id=\"1583\" class=\"wp-image-1583\" srcset=\"http:\/\/sjefvandepoelwandelweb.nl\/wp-content\/uploads\/2019\/09\/P1030090-1024x768.jpg 1024w, http:\/\/sjefvandepoelwandelweb.nl\/wp-content\/uploads\/2019\/09\/P1030090-300x225.jpg 300w, http:\/\/sjefvandepoelwandelweb.nl\/wp-content\/uploads\/2019\/09\/P1030090-768x576.jpg 768w\" sizes=\"(max-width: 767px) 89vw, (max-width: 1000px) 54vw, (max-width: 1071px) 543px, 580px\" \/><figcaption>&#8211; Het monument &#8216;Drei Kreuze&#8217; langs de Pyrmonter Felsensteig &#8211; <\/figcaption><\/figure><\/li><\/ul>\n\n\n\n<p style=\"text-align:left\">Opnieuw\nwandel je door een aangenaam bosgebied en je komt uit op de uitgestrekte hoogvlakte\nin de buurt van de Heidberg (301m). Voorlopig blijft het Traumpfad kronkelen\ndoor de velden en kun je, zeker bij goed weer, ver weg kijken. Je passeert een\nin onbruik geraakte kapel, waar je, wegens instortingsgevaar (!), niet naar\nbinnen mag gaan. Op enig moment ontwaar je in de verte het grote kruis op de\nSammetzkopf (341m). Bij het kruis \u2013 met inscriptie Ave Crux Spes Unika (\u2018Gegroet\nKruis, onze enige hoop\u2019) \u2013 aangekomen krijg je een zeer fraai 360-graden\nuitzicht aangeboden. <\/p>\n\n\n\n<ul class=\"wp-block-gallery columns-1 is-cropped wp-block-gallery-11 is-layout-flex wp-block-gallery-is-layout-flex\"><li class=\"blocks-gallery-item\"><figure><img loading=\"lazy\" decoding=\"async\" width=\"1024\" height=\"768\" src=\"http:\/\/sjefvandepoelwandelweb.nl\/wp-content\/uploads\/2019\/09\/P1030094-1024x768.jpg\" alt=\"\" data-id=\"1618\" class=\"wp-image-1618\" srcset=\"http:\/\/sjefvandepoelwandelweb.nl\/wp-content\/uploads\/2019\/09\/P1030094-1024x768.jpg 1024w, http:\/\/sjefvandepoelwandelweb.nl\/wp-content\/uploads\/2019\/09\/P1030094-300x225.jpg 300w, http:\/\/sjefvandepoelwandelweb.nl\/wp-content\/uploads\/2019\/09\/P1030094-768x576.jpg 768w\" sizes=\"(max-width: 767px) 89vw, (max-width: 1000px) 54vw, (max-width: 1071px) 543px, 580px\" \/><figcaption>&#8211; Op weg naar het Gipfelkreuz op de Sammetzkopf &#8211; <\/figcaption><\/figure><\/li><\/ul>\n\n\n\n<p>Via de hoogvlakte bereik je bij een grote schutzh\u00fctte het mooie, zwaar beboste, natuurgebied Juckelberg. Vanaf hier daalt een bijzonder mooi en smal bospaadje de helling af, het prachtige dal van de Elzbach in. Op een splitsing van bospaden volg je het Traumpfad Pyrmonter Felsensteig naar links. Geruime tijd volg je nu dit pad, hoog door het beekdal. Opnieuw passeer je, bij een uitzichtpunt, een schutzh\u00fctte: de Hauerh\u00fctte. Wat later kom je op \u2018beekniveau\u2019 terecht. Dit traject heet de \u2018Teufelskammer\u2019 en je krijgt, temidden van imposante steile rotswanden en verscholen grotten in een oerwoudachtig landschap, onwillekeurig de indruk dat het in de kamer van de duivel waarlijk nog niet zo slecht toeven is! <\/p>\n\n\n\n<ul class=\"wp-block-gallery columns-1 is-cropped wp-block-gallery-12 is-layout-flex wp-block-gallery-is-layout-flex\"><li class=\"blocks-gallery-item\"><figure><img loading=\"lazy\" decoding=\"async\" width=\"1024\" height=\"498\" src=\"http:\/\/sjefvandepoelwandelweb.nl\/wp-content\/uploads\/2019\/09\/20190907_141802-1024x498.jpg\" alt=\"\" data-id=\"1644\" class=\"wp-image-1644\" srcset=\"http:\/\/sjefvandepoelwandelweb.nl\/wp-content\/uploads\/2019\/09\/20190907_141802-1024x498.jpg 1024w, http:\/\/sjefvandepoelwandelweb.nl\/wp-content\/uploads\/2019\/09\/20190907_141802-300x146.jpg 300w, http:\/\/sjefvandepoelwandelweb.nl\/wp-content\/uploads\/2019\/09\/20190907_141802-768x373.jpg 768w\" sizes=\"(max-width: 767px) 89vw, (max-width: 1000px) 54vw, (max-width: 1071px) 543px, 580px\" \/><figcaption>&#8211; Is de duivel hier zelf aan het werk geweest? &#8211; <\/figcaption><\/figure><\/li><\/ul>\n\n\n\n<p>Af en toe steek je over een bruggetje de Elzbach over en het pad blijft, ook hier, prima bewandelbaar. Uiteindelijk arriveer je bij de autoweg tussen Roes en Pillig, die korte tijd naar rechts wordt gevolgd. Dan gaat het wandelpad weer, naar links, omhoog om bij de hooggelegen Burg Pyrmont te geraken.<\/p>\n\n\n\n<ul class=\"wp-block-gallery columns-1 is-cropped wp-block-gallery-13 is-layout-flex wp-block-gallery-is-layout-flex\"><li class=\"blocks-gallery-item\"><figure><img loading=\"lazy\" decoding=\"async\" width=\"1024\" height=\"768\" src=\"http:\/\/sjefvandepoelwandelweb.nl\/wp-content\/uploads\/2019\/09\/P1030113-1024x768.jpg\" alt=\"\" data-id=\"1619\" class=\"wp-image-1619\" srcset=\"http:\/\/sjefvandepoelwandelweb.nl\/wp-content\/uploads\/2019\/09\/P1030113-1024x768.jpg 1024w, http:\/\/sjefvandepoelwandelweb.nl\/wp-content\/uploads\/2019\/09\/P1030113-300x225.jpg 300w, http:\/\/sjefvandepoelwandelweb.nl\/wp-content\/uploads\/2019\/09\/P1030113-768x576.jpg 768w\" sizes=\"(max-width: 767px) 89vw, (max-width: 1000px) 54vw, (max-width: 1071px) 543px, 580px\" \/><figcaption>&#8211; Het rustieke dal van de Elzbach heeft soms oerwoudachtige trekjes &#8211; <\/figcaption><\/figure><\/li><\/ul>\n\n\n\n<p> Als je geluk hebt en er geen feest wordt gehouden zou je hier een horecapauze kunnen houden. Burchtbezoek is echter alleen op zon- en feestdagen mogelijk. Ten slotte volgt een leuk slotparcours. Aanvankelijk wandel je langs een steile rotswand met uitzicht op het zwaar beboste dal van de Wahlbach, een zijbeek van de Elzbach. Dan daal je af in het beekdal, je steekt de beek over en wandelt aan de andere zijde van het dal als het ware weer terug richting Burg Pyrmont. Af en toe heb je een mooi uitzicht op de nu aan de overzijde gelegen burcht. Uiteindelijk kom je vanzelf terecht bij het horecabedrijf Pyrmonter M\u00fchle, fraai gelegen aan de Elzbach die hier een fotogenieke waterval annex vijver vormt. Uiteraard is de M\u00fchle een prachtige plek voor een horecastop om na te genieten van je wandelervaringen op het mooie Traumpfad Pyrmonter Felsensteig.<\/p>\n\n\n\n<ul class=\"wp-block-gallery columns-1 is-cropped wp-block-gallery-14 is-layout-flex wp-block-gallery-is-layout-flex\"><li class=\"blocks-gallery-item\"><figure><img loading=\"lazy\" decoding=\"async\" width=\"1024\" height=\"497\" src=\"http:\/\/sjefvandepoelwandelweb.nl\/wp-content\/uploads\/2019\/09\/IMG-20190907-WA0008-1024x497.jpg\" alt=\"\" data-id=\"1584\" class=\"wp-image-1584\" srcset=\"http:\/\/sjefvandepoelwandelweb.nl\/wp-content\/uploads\/2019\/09\/IMG-20190907-WA0008-1024x497.jpg 1024w, http:\/\/sjefvandepoelwandelweb.nl\/wp-content\/uploads\/2019\/09\/IMG-20190907-WA0008-300x146.jpg 300w, http:\/\/sjefvandepoelwandelweb.nl\/wp-content\/uploads\/2019\/09\/IMG-20190907-WA0008-768x373.jpg 768w, http:\/\/sjefvandepoelwandelweb.nl\/wp-content\/uploads\/2019\/09\/IMG-20190907-WA0008.jpg 1600w\" sizes=\"(max-width: 767px) 89vw, (max-width: 1000px) 54vw, (max-width: 1071px) 543px, 580px\" \/><figcaption>&#8211; Elzbachwaterval bij de Pyrmonter M\u00fchle &#8211; <\/figcaption><\/figure><\/li><\/ul>\n\n\n\n<p><em><strong>Dag 3: Panorama rondwandeling bij Burgen aan de Moezel (6km)<\/strong><\/em><\/p>\n\n\n\n<p>De derde dag van ons wandelweekend is het weer in de ochtend dermate abominabel \u2013 hevige regenval gedurende langere tijd \u2013 dat we besluiten vandaag niet te beginnen aan onze geplande derde wandeling: de <em>\u2018Moselsteig\u2019<\/em> tussen Kobern-Gondorf en Winningen (etappe 23). Naar het schijnt een \u2018zware\u2019 wandeling van ongeveer 14 kilometer. In plaats daarvan bezoeken we de tegenover Koblenz aan de Rijn hoog gelegen 19<sup>e<\/sup>-eeuwse <em>\u2018Festung Ehrenbreitstein\u2019<\/em>. Dit is na Gibraltar de grootste rotsvesting van Europa, gebouwd op een 118 meter hoge steile leisteenrots. Vanaf de vesting heb je een schitterend uitzicht op de samenvloeiing van Moezel en Rijn bij Deutsches Eck en op de stad Koblenz en omgeving.<\/p>\n\n\n\n<ul class=\"wp-block-gallery columns-1 is-cropped wp-block-gallery-15 is-layout-flex wp-block-gallery-is-layout-flex\"><li class=\"blocks-gallery-item\"><figure><img loading=\"lazy\" decoding=\"async\" width=\"1024\" height=\"768\" src=\"http:\/\/sjefvandepoelwandelweb.nl\/wp-content\/uploads\/2019\/09\/20190908_135007-1024x768.jpg\" alt=\"\" data-id=\"1606\" class=\"wp-image-1606\" srcset=\"http:\/\/sjefvandepoelwandelweb.nl\/wp-content\/uploads\/2019\/09\/20190908_135007-1024x768.jpg 1024w, http:\/\/sjefvandepoelwandelweb.nl\/wp-content\/uploads\/2019\/09\/20190908_135007-300x225.jpg 300w, http:\/\/sjefvandepoelwandelweb.nl\/wp-content\/uploads\/2019\/09\/20190908_135007-768x576.jpg 768w\" sizes=\"(max-width: 767px) 89vw, (max-width: 1000px) 54vw, (max-width: 1071px) 543px, 580px\" \/><figcaption>Vanaf de Festung Ehrenbreitstein zie je de Moezel in de Rijn stromen &#8211;  <\/figcaption><\/figure><\/li><\/ul>\n\n\n\n<p> Met een zweefbaan over de Rijn kun je pendelen tussen Ehrenbreitstein en Koblenz. In de vesting tref je onder meer het Landesmuseum Koblenz aan, alsmede het Kulturzentrum Festung Ehrenbreitstein. Er is veel interessants te zien over de geschiedenis van de vesting en van Koblenz en verre omstreken.<\/p>\n\n\n\n<ul class=\"wp-block-gallery columns-1 is-cropped wp-block-gallery-16 is-layout-flex wp-block-gallery-is-layout-flex\"><li class=\"blocks-gallery-item\"><figure><img loading=\"lazy\" decoding=\"async\" width=\"1024\" height=\"768\" src=\"http:\/\/sjefvandepoelwandelweb.nl\/wp-content\/uploads\/2019\/09\/20190908_130757_resized-1024x768.jpg\" alt=\"\" data-id=\"1636\" class=\"wp-image-1636\" srcset=\"http:\/\/sjefvandepoelwandelweb.nl\/wp-content\/uploads\/2019\/09\/20190908_130757_resized-1024x768.jpg 1024w, http:\/\/sjefvandepoelwandelweb.nl\/wp-content\/uploads\/2019\/09\/20190908_130757_resized-300x225.jpg 300w, http:\/\/sjefvandepoelwandelweb.nl\/wp-content\/uploads\/2019\/09\/20190908_130757_resized-768x576.jpg 768w\" sizes=\"(max-width: 767px) 89vw, (max-width: 1000px) 54vw, (max-width: 1071px) 543px, 580px\" \/><figcaption>&#8211; De Festung Ehrenbreitstein is een bezoek meer dan waard &#8211; <\/figcaption><\/figure><\/li><\/ul>\n\n\n\n<p>Als\nin de middag het weer toch nog opknapt besluiten we een korte doch panoramarijke\nwandeling te maken vanaf de camping in Burgen. Helaas blijft het ook tijdens deze\nwandeling niet helemaal droog. <\/p>\n\n\n\n<p>Vanaf de camping wandel je naar het centrum van Burgen toe, je steekt de Baybach, een zijbeek van de Moezel, over en wandelt in de richting van de kerk de geasfalteerde R\u00f6merstrasse op die langzaam maar zeker het Moezeldal uitstijgt. Het asfalt houdt pas na 2 kilometer op, wanneer je op de hoogvlakte bent gearriveerd in de buurt van de <em>\u2018Birkenhof\u2019<\/em>. Onderweg passeer je ter linkerzijde nog een bron annex parkeerplaats. Je bent, al wandelend, gestegen van ongeveer 80 meter tot om en nabij de 300 meter boven de zeespiegel! Bij de Birkenhof staat een kapelletje met ook aan de buitenzijde zitbanken om rustig van het mooie panorama, het Moezelgebied, te kunnen genieten. <\/p>\n\n\n\n<ul class=\"wp-block-gallery columns-1 is-cropped wp-block-gallery-17 is-layout-flex wp-block-gallery-is-layout-flex\"><li class=\"blocks-gallery-item\"><figure><img loading=\"lazy\" decoding=\"async\" width=\"1024\" height=\"768\" src=\"http:\/\/sjefvandepoelwandelweb.nl\/wp-content\/uploads\/2019\/09\/20190908_165208-1024x768.jpg\" alt=\"\" data-id=\"1621\" class=\"wp-image-1621\" srcset=\"http:\/\/sjefvandepoelwandelweb.nl\/wp-content\/uploads\/2019\/09\/20190908_165208-1024x768.jpg 1024w, http:\/\/sjefvandepoelwandelweb.nl\/wp-content\/uploads\/2019\/09\/20190908_165208-300x225.jpg 300w, http:\/\/sjefvandepoelwandelweb.nl\/wp-content\/uploads\/2019\/09\/20190908_165208-768x576.jpg 768w\" sizes=\"(max-width: 767px) 89vw, (max-width: 1000px) 54vw, (max-width: 1071px) 543px, 580px\" \/><figcaption>&#8211; Bij het kapelletje bij de Birkenhof kun je ver weg kijken &#8211; <\/figcaption><\/figure><\/li><\/ul>\n\n\n\n<p>De Moezel zelf zie je hier echter niet meer. Je volgt vervolgens langs de Birkenhof een veldweg naar links toe. Vanaf dit pad kun je opnieuw genieten van schitterende vergezichten, ditmaal op het zwaar beboste dal van de eerder genoemde Baybach. Bij een kruising van veldwegen hou je links aan en je volgt het pad naar Burgen. <\/p>\n\n\n\n<ul class=\"wp-block-gallery columns-1 is-cropped wp-block-gallery-18 is-layout-flex wp-block-gallery-is-layout-flex\"><li class=\"blocks-gallery-item\"><figure><img loading=\"lazy\" decoding=\"async\" width=\"1024\" height=\"768\" src=\"http:\/\/sjefvandepoelwandelweb.nl\/wp-content\/uploads\/2019\/09\/20190908_165856-1024x768.jpg\" alt=\"\" data-id=\"1622\" class=\"wp-image-1622\" srcset=\"http:\/\/sjefvandepoelwandelweb.nl\/wp-content\/uploads\/2019\/09\/20190908_165856-1024x768.jpg 1024w, http:\/\/sjefvandepoelwandelweb.nl\/wp-content\/uploads\/2019\/09\/20190908_165856-300x225.jpg 300w, http:\/\/sjefvandepoelwandelweb.nl\/wp-content\/uploads\/2019\/09\/20190908_165856-768x576.jpg 768w\" sizes=\"(max-width: 767px) 89vw, (max-width: 1000px) 54vw, (max-width: 1071px) 543px, 580px\" \/><figcaption>&#8211; Donkere wolken pakken zich samen boven het dal van de Baybach &#8211; <\/figcaption><\/figure><\/li><\/ul>\n\n\n\n<p>Je wandelt, al afdalend, over een weide en je komt uiteindelijk in een bos terecht. Het goed begaanbare pad door het bos komt langs een tweetal schutzh\u00fctte, niet ver van elkaar af gelegen. De tweede hut \u2013 \u2018Moselblick\u2019 genaamd \u2013 biedt het fraaiste uitzicht op het Moezeldal bij Burgen. Kort na de passage van deze schutzh\u00fctte gaat een bospad scherp naar rechts, richting Burgen. Het pad wordt al snel smaller en je daalt sterk af totdat je weer op de geasfalteerde R\u00f6merstrasse in de dorpskom van Burgen terecht kom. Vanaf hier wandel je weer terug naar de camping. Al met al toch een prima wandeling in deze prachtige omgeving! \u00a0\u00a0\u00a0\u00a0<\/p>\n\n\n\n<ul class=\"wp-block-gallery columns-1 is-cropped wp-block-gallery-19 is-layout-flex wp-block-gallery-is-layout-flex\"><li class=\"blocks-gallery-item\"><figure><img loading=\"lazy\" decoding=\"async\" width=\"1024\" height=\"768\" src=\"http:\/\/sjefvandepoelwandelweb.nl\/wp-content\/uploads\/2019\/09\/20190908_173426-1024x768.jpg\" alt=\"\" data-id=\"1623\" class=\"wp-image-1623\" srcset=\"http:\/\/sjefvandepoelwandelweb.nl\/wp-content\/uploads\/2019\/09\/20190908_173426-1024x768.jpg 1024w, http:\/\/sjefvandepoelwandelweb.nl\/wp-content\/uploads\/2019\/09\/20190908_173426-300x225.jpg 300w, http:\/\/sjefvandepoelwandelweb.nl\/wp-content\/uploads\/2019\/09\/20190908_173426-768x576.jpg 768w\" sizes=\"(max-width: 767px) 89vw, (max-width: 1000px) 54vw, (max-width: 1071px) 543px, 580px\" \/><figcaption>&#8211; Uitzicht op Burgen in de regen vanaf schutzh\u00fctte &#8216;Moselblick&#8217; &#8211; <\/figcaption><\/figure><\/li><\/ul>\n\n\n\n<p><strong><em>Dag 4: Rondwandeling\nL\u00f6f \u2013 Hatzenport \u2013 L\u00f6f (7 km)<\/em><\/strong><\/p>\n\n\n\n<p>De laatste ochtend van ons wandelweekend maken we een zelf bedachte rondwandeling vanuit het aan de Moezel gelegen dorpje L\u00f6f. Daarbij maken we gebruik van de offici\u00eble routes van de eerder genoemde Moselsteig en van de Moselh\u00f6henweg (Eifelseite). <\/p>\n\n\n\n<ul class=\"wp-block-gallery columns-1 is-cropped wp-block-gallery-20 is-layout-flex wp-block-gallery-is-layout-flex\"><li class=\"blocks-gallery-item\"><figure><img loading=\"lazy\" decoding=\"async\" width=\"1024\" height=\"768\" src=\"http:\/\/sjefvandepoelwandelweb.nl\/wp-content\/uploads\/2019\/09\/P1030130-1024x768.jpg\" alt=\"\" data-id=\"1631\" class=\"wp-image-1631\" srcset=\"http:\/\/sjefvandepoelwandelweb.nl\/wp-content\/uploads\/2019\/09\/P1030130-1024x768.jpg 1024w, http:\/\/sjefvandepoelwandelweb.nl\/wp-content\/uploads\/2019\/09\/P1030130-300x225.jpg 300w, http:\/\/sjefvandepoelwandelweb.nl\/wp-content\/uploads\/2019\/09\/P1030130-768x576.jpg 768w\" sizes=\"(max-width: 767px) 89vw, (max-width: 1000px) 54vw, (max-width: 1071px) 543px, 580px\" \/><figcaption>&#8211; De Moselsteig in het Kehrbachtal &#8211; <\/figcaption><\/figure><\/li><\/ul>\n\n\n\n<p>De Moselsteig is een tamelijk nieuw langeafstandwandelpad langs de Moezel. Het pad werd in 2014 officieel \u2018geopend\u2019. Naast deze Steig bestaan nog steeds de oude Moselh\u00f6henwegen, die uit 1910 dateren. Zie over de Moselh\u00f6henwegen de beschrijving van onze voettocht Moezel-Untermosel op deze wandelpagina. De Moselsteig (<a href=\"http:\/\/www.moselsteig.de\">www.moselsteig.de<\/a>) is 365km lang en gaat in 24 etappes van het Duitse dorp Perl, gelegen aan de Duits-Franse grens bij het bekendere Luxemburgse dorp Schengen, naar Koblenz. Er is maar \u00e9\u00e9n Moselsteig, die afwisselend over de linkeroever en de rechteroever van de Moezel loopt. In feite neemt dit nieuwe langeafstandswandelpad de plaats in van de beide Moselh\u00f6henwegen die, naar verluidt, niet meer zo goed werden onderhouden. Zeker vanaf Trier blijft de Moselsteig ook dichter bij de Moezel en worden zoveel mogelijk \u2018spannende paadjes\u2019 opgezocht (<em>Bron: wandelkrant.be\/moselsteig<\/em>). Op oudere stafkaarten staat de Moselsteig uiteraard niet ingetekend en de Moselh\u00f6henwegen w\u00e9l. De Moselsteig wordt goed gemarkeerd. De stafkaart voor deze grotendeels onverharde wandeling is Wanderkarte nr. 34, Maifeld und Untermosel, schaal 1:25.000.<\/p>\n\n\n\n<ul class=\"wp-block-gallery columns-1 is-cropped wp-block-gallery-21 is-layout-flex wp-block-gallery-is-layout-flex\"><li class=\"blocks-gallery-item\"><figure><img loading=\"lazy\" decoding=\"async\" width=\"1024\" height=\"768\" src=\"http:\/\/sjefvandepoelwandelweb.nl\/wp-content\/uploads\/2019\/09\/20190909_101418-1024x768.jpg\" alt=\"\" data-id=\"1591\" class=\"wp-image-1591\" srcset=\"http:\/\/sjefvandepoelwandelweb.nl\/wp-content\/uploads\/2019\/09\/20190909_101418-1024x768.jpg 1024w, http:\/\/sjefvandepoelwandelweb.nl\/wp-content\/uploads\/2019\/09\/20190909_101418-300x225.jpg 300w, http:\/\/sjefvandepoelwandelweb.nl\/wp-content\/uploads\/2019\/09\/20190909_101418-768x576.jpg 768w\" sizes=\"(max-width: 767px) 89vw, (max-width: 1000px) 54vw, (max-width: 1071px) 543px, 580px\" \/><figcaption>&#8211; Z\u00f3 wordt de nieuwe Moselsteig in het veld aangeduid &#8211;<\/figcaption><\/figure><\/li><\/ul>\n\n\n\n<p>We zetten onze auto\u2019s neer bij het treinstation van L\u00f6f en wandelen over de Bahnhofstrasse, later Nachtigallenweg, \u2018stroomafwaarts\u2019 in de richting van de kerk van het dorp. Daar ga je linksaf het beboste beekdal van de Kehrbach in. In deze omgeving vind je trouwens ook het <em>Traumpf\u00e4dchen L\u00f6fer Rabenlaypfad<\/em> (4,7km), dat soms dezelfde route volgt als onze wandeling. <\/p>\n\n\n\n<ul class=\"wp-block-gallery columns-1 is-cropped wp-block-gallery-22 is-layout-flex wp-block-gallery-is-layout-flex\"><li class=\"blocks-gallery-item\"><figure><img loading=\"lazy\" decoding=\"async\" width=\"1024\" height=\"768\" src=\"http:\/\/sjefvandepoelwandelweb.nl\/wp-content\/uploads\/2019\/09\/test2-1024x768.jpg\" alt=\"\" data-id=\"1634\" class=\"wp-image-1634\" srcset=\"http:\/\/sjefvandepoelwandelweb.nl\/wp-content\/uploads\/2019\/09\/test2-1024x768.jpg 1024w, http:\/\/sjefvandepoelwandelweb.nl\/wp-content\/uploads\/2019\/09\/test2-300x225.jpg 300w, http:\/\/sjefvandepoelwandelweb.nl\/wp-content\/uploads\/2019\/09\/test2-768x576.jpg 768w\" sizes=\"(max-width: 767px) 89vw, (max-width: 1000px) 54vw, (max-width: 1071px) 543px, 580px\" \/><figcaption>&#8211; Een van de kruiswegstaties langs het pad door het Kehrbachtal &#8211; <\/figcaption><\/figure><\/li><\/ul>\n\n\n\n<p>In het mooie Kehrbachtal bevind je je op de nieuwe Moselsteig. Het pad, dat langzaam door het bos naar de hoogvlakte klimt, is voorzien van een goed onderhouden, in 1879 geplaatste, kruisweg \u2013 \u2018Stationenweg\u2019 \u2013 die boven eindigt bij een kapel, gewijd aan de \u2018Schmerzhaften Muttergottes\u2019 en aan Wendelin, patroonheilige van de schaapherders. De Moselsteig gaat echter niet zo ver omhoog. Bij de kapel kun je van een prachtig panorama genieten.<\/p>\n\n\n\n<ul class=\"wp-block-gallery columns-1 is-cropped wp-block-gallery-23 is-layout-flex wp-block-gallery-is-layout-flex\"><li class=\"blocks-gallery-item\"><figure><img loading=\"lazy\" decoding=\"async\" width=\"1024\" height=\"768\" src=\"http:\/\/sjefvandepoelwandelweb.nl\/wp-content\/uploads\/2019\/09\/P1030135-1024x768.jpg\" alt=\"\" data-id=\"1593\" class=\"wp-image-1593\" srcset=\"http:\/\/sjefvandepoelwandelweb.nl\/wp-content\/uploads\/2019\/09\/P1030135-1024x768.jpg 1024w, http:\/\/sjefvandepoelwandelweb.nl\/wp-content\/uploads\/2019\/09\/P1030135-300x225.jpg 300w, http:\/\/sjefvandepoelwandelweb.nl\/wp-content\/uploads\/2019\/09\/P1030135-768x576.jpg 768w\" sizes=\"(max-width: 767px) 89vw, (max-width: 1000px) 54vw, (max-width: 1071px) 543px, 580px\" \/><figcaption>&#8211; Kruisweg-kapel met panorama boven het dal van de Kehrbach &#8211; <\/figcaption><\/figure><\/li><\/ul>\n\n\n\n<p>V\u00f3\u00f3r de kapel volg je door een open landschap het graspad naar links, de \u2018oude\u2019 Moselh\u00f6henweg. Je komt, links aanhoudend, langs het hoog gelegen gehucht Kergesh\u00f6fe, alwaar je linksaf slaat, een veldweg op. Bij de bosrand aangekomen sla je rechts af, steeds de route van de oude Moselh\u00f6henweg volgend. Je passeert op afstand de <em>Sch\u00e4fereihof <\/em>en komt uit op een autoweg. Deze weg wordt korte tijd naar links gevolgd, maar bij het eerste kruispunt ga je weer naar rechts, een veldweg op. Bij goed weer kun je in de verte de door ons tijdens onze eerdere voettocht in dit gebied reeds bezochte <em>Ehrenburg<\/em> zien, in een zijdal van de Moezel. Na korte tijd krijg je aan je rechterhand al mooie doorkijkjes in het Moezeldal, maar het fraaiste uitzicht op het dal en het daarin gelegen wijndorp Hatzenport heb je zonder meer vanaf de iets verderop gelegen Rabenlay, een gigantische rotswand die recht uit het Moezeldal opstijgt. Een prachtig rustpunt, voorzien van een schutzh\u00fctte. Natuurlijk doet ook de nieuwe Moselsteig dit markante punt aan.<\/p>\n\n\n\n<ul class=\"wp-block-gallery columns-1 is-cropped wp-block-gallery-24 is-layout-flex wp-block-gallery-is-layout-flex\"><li class=\"blocks-gallery-item\"><figure><img loading=\"lazy\" decoding=\"async\" width=\"1024\" height=\"768\" src=\"http:\/\/sjefvandepoelwandelweb.nl\/wp-content\/uploads\/2019\/09\/P1030153-1024x768.jpg\" alt=\"\" data-id=\"1610\" data-link=\"http:\/\/sjefvandepoelwandelweb.nl\/?attachment_id=1610\" class=\"wp-image-1610\" srcset=\"http:\/\/sjefvandepoelwandelweb.nl\/wp-content\/uploads\/2019\/09\/P1030153-1024x768.jpg 1024w, http:\/\/sjefvandepoelwandelweb.nl\/wp-content\/uploads\/2019\/09\/P1030153-300x225.jpg 300w, http:\/\/sjefvandepoelwandelweb.nl\/wp-content\/uploads\/2019\/09\/P1030153-768x576.jpg 768w\" sizes=\"(max-width: 767px) 89vw, (max-width: 1000px) 54vw, (max-width: 1071px) 543px, 580px\" \/><figcaption>&#8211; Bovenop de Rabenlay genieten van een fantastisch uitzicht &#8211;<\/figcaption><\/figure><\/li><\/ul>\n\n\n\n<p>Je kunt ervoor kiezen vanaf\nde Rabenlay via een \u2018klettersteig\u2019 naar beneden te gaan, maar dat risico nemen\nwe bij alle nattigheid maar niet. We volgen een smal uitzichtrijk geitenpaadje\n(Moselsteig annex Moselh\u00f6henweg) langs de flanken van de steile heuvel in de richting\nvan de opvallend solitair gelegen Johanniskirche in Hatzenport. Ook hier moet\nje geen hoogtevrees hebben! Bij een keuzemoment om Hatzenport te bereiken,\nkiezen we voor het afdalende pad naar links en we komen in de wijngaarden\nterecht. <\/p>\n\n\n\n<ul class=\"wp-block-gallery columns-1 is-cropped wp-block-gallery-25 is-layout-flex wp-block-gallery-is-layout-flex\"><li class=\"blocks-gallery-item\"><figure><img loading=\"lazy\" decoding=\"async\" width=\"1024\" height=\"768\" src=\"http:\/\/sjefvandepoelwandelweb.nl\/wp-content\/uploads\/2019\/09\/P1030159-1024x768.jpg\" alt=\"\" data-id=\"1592\" class=\"wp-image-1592\" srcset=\"http:\/\/sjefvandepoelwandelweb.nl\/wp-content\/uploads\/2019\/09\/P1030159-1024x768.jpg 1024w, http:\/\/sjefvandepoelwandelweb.nl\/wp-content\/uploads\/2019\/09\/P1030159-300x225.jpg 300w, http:\/\/sjefvandepoelwandelweb.nl\/wp-content\/uploads\/2019\/09\/P1030159-768x576.jpg 768w\" sizes=\"(max-width: 767px) 89vw, (max-width: 1000px) 54vw, (max-width: 1071px) 543px, 580px\" \/><figcaption>&#8211; Sportieve afdaling van de Rabenlay naar Hatzenport &#8211;  <\/figcaption><\/figure><\/li><\/ul>\n\n\n\n<p>Bij de kerk verlaten we de offici\u00eble paden en dalen naar links af, richting de spoorbaan langs de Moezel. V\u00f3\u00f3r de spoorbaan volgen we, naar links toe, een mooie veldweg die ons langs de spoorbaan, onder de Rabenlay langs en voorzien van soms lastige trapjes, weer terugbrengt naar het treinstation van L\u00f6f. We waren hier al eerder op onze voettocht Untermosel. Het pad blijft avontuurlijk en regelmatig kun je de Moezel zien. Hier en daar kun je \u2013 in september of oktober &#8211;&nbsp; een smakelijk groen of blauw druifje meepikken. Een mooie afsluiting van ons vierdaags wandelweekend in het Eifel- en Moezelgebied!<\/p>\n\n\n\n<figure class=\"wp-block-image\"><img loading=\"lazy\" decoding=\"async\" width=\"1024\" height=\"768\" src=\"http:\/\/sjefvandepoelwandelweb.nl\/wp-content\/uploads\/2019\/09\/P1030161-1024x768.jpg\" alt=\"\" class=\"wp-image-1581\" srcset=\"http:\/\/sjefvandepoelwandelweb.nl\/wp-content\/uploads\/2019\/09\/P1030161-1024x768.jpg 1024w, http:\/\/sjefvandepoelwandelweb.nl\/wp-content\/uploads\/2019\/09\/P1030161-300x225.jpg 300w, http:\/\/sjefvandepoelwandelweb.nl\/wp-content\/uploads\/2019\/09\/P1030161-768x576.jpg 768w\" sizes=\"(max-width: 767px) 89vw, (max-width: 1000px) 54vw, (max-width: 1071px) 543px, 580px\" \/><\/figure>\n\n\n\n<p style=\"text-align:center\">&#8211; &#8211; &#8211;<\/p>\n\n\n\n<p>&nbsp;(copyright: JWE van de Poel)<\/p>\n","protected":false},"excerpt":{"rendered":"<p>Voor de tweede keer in successie organiseren we een wandelweekend zonder zware rugzakken, vanuit \u00e9\u00e9n centraal punt. Dat kan een camping zijn, maar natuurlijk ook een vakantiehuisje of een hotel of pension. Om toch een beetje vast te houden aan onze kampeerervaringen uit het verleden kiezen wij opnieuw voor een camping. Ditmaal wordt het Camping &hellip; <\/p>\n<p class=\"link-more\"><a href=\"http:\/\/sjefvandepoelwandelweb.nl\/?page_id=1569\" class=\"more-link\">Lees verder <span class=\"screen-reader-text\">&#8220;Eifel Moezel (Traumpfade)&#8221;<\/span><\/a><\/p>\n","protected":false},"author":1,"featured_media":0,"parent":0,"menu_order":0,"comment_status":"closed","ping_status":"closed","template":"","meta":{"footnotes":""},"_links":{"self":[{"href":"http:\/\/sjefvandepoelwandelweb.nl\/index.php?rest_route=\/wp\/v2\/pages\/1569"}],"collection":[{"href":"http:\/\/sjefvandepoelwandelweb.nl\/index.php?rest_route=\/wp\/v2\/pages"}],"about":[{"href":"http:\/\/sjefvandepoelwandelweb.nl\/index.php?rest_route=\/wp\/v2\/types\/page"}],"author":[{"embeddable":true,"href":"http:\/\/sjefvandepoelwandelweb.nl\/index.php?rest_route=\/wp\/v2\/users\/1"}],"replies":[{"embeddable":true,"href":"http:\/\/sjefvandepoelwandelweb.nl\/index.php?rest_route=%2Fwp%2Fv2%2Fcomments&post=1569"}],"version-history":[{"count":34,"href":"http:\/\/sjefvandepoelwandelweb.nl\/index.php?rest_route=\/wp\/v2\/pages\/1569\/revisions"}],"predecessor-version":[{"id":1647,"href":"http:\/\/sjefvandepoelwandelweb.nl\/index.php?rest_route=\/wp\/v2\/pages\/1569\/revisions\/1647"}],"wp:attachment":[{"href":"http:\/\/sjefvandepoelwandelweb.nl\/index.php?rest_route=%2Fwp%2Fv2%2Fmedia&parent=1569"}],"curies":[{"name":"wp","href":"https:\/\/api.w.org\/{rel}","templated":true}]}}