{"id":1973,"date":"2025-09-30T13:02:42","date_gmt":"2025-09-30T13:02:42","guid":{"rendered":"http:\/\/sjefvandepoelwandelweb.nl\/?page_id=1973"},"modified":"2025-10-03T14:20:46","modified_gmt":"2025-10-03T14:20:46","slug":"oost-eifel-maria-laach","status":"publish","type":"page","link":"http:\/\/sjefvandepoelwandelweb.nl\/?page_id=1973","title":{"rendered":"Oost-Eifel \/ Maria Laach"},"content":{"rendered":"\n<p>Inmiddels 73 jaar oud zijnde, ontbrak het mij niet aan de ambitie om in 2025 wederom ons jaarlijkse wandelweekend te organiseren. Voor de 68<sup>e<\/sup> keer in successie een meerdaags voettocht- of wandelavontuur!  Voor mij telkens weer een mooie gelegenheid om mijn actuele conditie te testen. Dit keer gingen wij met tien wandelaars op pad: drie 70ers, twee 60ers, en vijf wandelaars zo tussen de 35 en 45 jaar jong.<\/p>\n\n\n\n<p>De Duitse Eifel staat bekend als een fantastisch wandelgebied en vanuit onze langjarige wandelervaring kunnen wij daar in positieve zin over meepraten. We besloten dit keer het zuidoosten van de Eifel, en dan met name de streek rond het van vulkanische oorsprong zijnde meer bij Maria Laach \u2013 de Laacher See \u2013 nader te gaan verkennen. Sowieso heeft dit gebied een relatief jong vulkanisch verleden. Zo\u2019n negen- tot tienduizend jaar geleden \u2013 geologisch gezien nog maar kort geleden \u2013 vonden hier de laatste erupties plaats. In de omgeving van de Laacher See zijn maar liefst veertig vulkanen te vinden. De karakteristieke kegelvorm van de vulkanen is behouden gebleven en soms zijn ook nog de kraters aanwezig.<\/p>\n\n\n\n<p><\/p>\n\n\n\n<figure class=\"wp-block-image size-large\"><img loading=\"lazy\" decoding=\"async\" width=\"1024\" height=\"596\" src=\"http:\/\/sjefvandepoelwandelweb.nl\/wp-content\/uploads\/2025\/10\/ML31-1024x596.jpg\" alt=\"\" class=\"wp-image-1994\" srcset=\"http:\/\/sjefvandepoelwandelweb.nl\/wp-content\/uploads\/2025\/10\/ML31-1024x596.jpg 1024w, http:\/\/sjefvandepoelwandelweb.nl\/wp-content\/uploads\/2025\/10\/ML31-300x175.jpg 300w, http:\/\/sjefvandepoelwandelweb.nl\/wp-content\/uploads\/2025\/10\/ML31-768x447.jpg 768w, http:\/\/sjefvandepoelwandelweb.nl\/wp-content\/uploads\/2025\/10\/ML31-1536x894.jpg 1536w, http:\/\/sjefvandepoelwandelweb.nl\/wp-content\/uploads\/2025\/10\/ML31-2048x1192.jpg 2048w\" sizes=\"(max-width: 767px) 89vw, (max-width: 1000px) 54vw, (max-width: 1071px) 543px, 580px\" \/><\/figure>\n\n\n\n<p class=\"has-text-align-center\"><em>Vulkaan-landschap in de omgeving van Maria Laach<\/em><\/p>\n\n\n\n<p>Als verblijfplaats kozen wij voor de aan de Laacher See gelegen RCN Camping Laacher See. Voor ons doen een luxe camping met zelfs een restaurant, het \u2018Blockhaus\u2019. Geen leuke weitjes, maar een typische \u2018heggetjes-straatjescamping\u2019 met veel caravans en campers. Wij reserveerden voor onze vier kleine tentjes twee plekken naast elkaar, m\u00e9t redelijk zicht op de Laacher See. Per plaats is \u00e9\u00e9n auto toegestaan. Andere auto\u2019s dienen buiten de camping op het parkeerterrein voor dagrecreatie te worden geparkeerd (toch wel een eindje lopen als je, zoals wij, helemaal aan de andere kant van de langgerekte camping staat!). Drie euro per dag zou dat moeten kosten, maar toen wij er waren, was het gratis. Sowieso hadden we op onze kampeerplekken ruimte genoeg om ook nog een grote \u2018tarp\u2019 van stevig zeil en tentstokken neer te zetten, waar tien mannen in geval van regen droog zouden kunnen zitten.<\/p>\n\n\n\n<figure class=\"wp-block-image size-large\"><img loading=\"lazy\" decoding=\"async\" width=\"1024\" height=\"731\" src=\"http:\/\/sjefvandepoelwandelweb.nl\/wp-content\/uploads\/2025\/09\/ML8-1-1024x731.jpg\" alt=\"\" class=\"wp-image-1978\" srcset=\"http:\/\/sjefvandepoelwandelweb.nl\/wp-content\/uploads\/2025\/09\/ML8-1-1024x731.jpg 1024w, http:\/\/sjefvandepoelwandelweb.nl\/wp-content\/uploads\/2025\/09\/ML8-1-300x214.jpg 300w, http:\/\/sjefvandepoelwandelweb.nl\/wp-content\/uploads\/2025\/09\/ML8-1-768x548.jpg 768w, http:\/\/sjefvandepoelwandelweb.nl\/wp-content\/uploads\/2025\/09\/ML8-1-1536x1097.jpg 1536w, http:\/\/sjefvandepoelwandelweb.nl\/wp-content\/uploads\/2025\/09\/ML8-1-2048x1462.jpg 2048w\" sizes=\"(max-width: 767px) 89vw, (max-width: 1000px) 54vw, (max-width: 1071px) 543px, 580px\" \/><\/figure>\n\n\n\n<p class=\"has-text-align-center\"><em>Ons tentenkamp op de RCN-camping Laacher See<\/em><\/p>\n\n\n\n<p>Aan de Laacher See staat de imposante abdijkerk van de paters benedictijnen. Het zware gebeier van de kloosterkerkklokken was op onze aan de andere kant van het meer gelegen camping goed te horen. En de paters beginnen vroeg met hun getijden-gebeden! Om 05.00u begint het gebeier; om 06.00u n\u00f3g een keer. Heel bijzonder, maar niet overlast gevend. Als de wind \u2018verkeerd\u2019 staat, kan op de camping in de nacht zelfs het geluid van de enige kilometers verderop gelegen Linksrheinische Autobahn (A61) worden gehoord. Maar ook dit geluid werd door ons niet als hinderlijk ervaren. Zwemliefhebbers kunnen vanaf de camping terecht in de Laacher See. De kampwinkel stelt niet veel voor, maar er is wel een broodjesservice, verzorgd door de Imbiss (zeg maar snackbar) in het restaurantgebouw. Het sanitair was op zich in orde \u2013 er waren goede douches en toiletten \u2013 maar de vloeren mochten wat vaker worden gereinigd, vonden wij.<\/p>\n\n\n\n<p>Tenslotte mag worden vermeld dat alle vier door ons gelopen routes grotendeels onverhard zijn. Heel plezierig! Wel vonden wij het opvallend dat je, enkele uitzonderingen daargelaten op de eerste en derde dag, tijdens je wandelingen geen horecavoorzieningen tegenkomt. Toch wel jammer!&nbsp;&nbsp;&nbsp;&nbsp; &nbsp;&nbsp;<\/p>\n\n\n\n<p><strong><em>Dag 1: Rundweg um den Laacher See (9 km)<\/em><\/strong><\/p>\n\n\n\n<p>De Laacher See is een van de vele kratermeren in de Eifel, waar ze \u2018Maare\u2019 worden genoemd. Het is tevens het grootste Maar: ongeveer 2,4 km lang en 1,9 km breed. De visrijke Laacher See is 40 tot 53 meter diep. In een ver verleden heeft men tot tweemaal toe het waterpeil in de krater laten zakken om aan de zuidzijde wat meer vruchtbaar land te verkrijgen ten behoeve van de abdij. Daarom liggen het klooster en de kerk niet meer direct aan het water.<\/p>\n\n\n\n<figure class=\"wp-block-image size-large\"><img loading=\"lazy\" decoding=\"async\" width=\"1024\" height=\"768\" src=\"http:\/\/sjefvandepoelwandelweb.nl\/wp-content\/uploads\/2025\/09\/ML2-1-1024x768.jpg\" alt=\"\" class=\"wp-image-1982\" srcset=\"http:\/\/sjefvandepoelwandelweb.nl\/wp-content\/uploads\/2025\/09\/ML2-1-1024x768.jpg 1024w, http:\/\/sjefvandepoelwandelweb.nl\/wp-content\/uploads\/2025\/09\/ML2-1-300x225.jpg 300w, http:\/\/sjefvandepoelwandelweb.nl\/wp-content\/uploads\/2025\/09\/ML2-1-768x576.jpg 768w, http:\/\/sjefvandepoelwandelweb.nl\/wp-content\/uploads\/2025\/09\/ML2-1-1536x1152.jpg 1536w, http:\/\/sjefvandepoelwandelweb.nl\/wp-content\/uploads\/2025\/09\/ML2-1-2048x1536.jpg 2048w\" sizes=\"(max-width: 767px) 89vw, (max-width: 1000px) 54vw, (max-width: 1071px) 543px, 580px\" \/><\/figure>\n\n\n\n<p>Rond de door bossen en weiden omgeven Laacher See is een aantrekkelijk wandelpad aangelegd, dat overigens buiten de hekken van de camping blijft. Maar je kunt vanaf de camping gelijk starten op de Rundweg. Het pad is overwegend vlak, vaak schaduwrijk en gemakkelijk begaanbaar. Mooi dus voor een eerste (middag)wandeling op de eerste dag van ons wandelweekend. De Rundweg is voorzien van informatiebordjes met nuttige informatie over de plaats waar je op dat moment bent. Tussen het wandelpad en het meer is vaak begroeiing aanwezig van bomen en struiken, zodat een volledig onbelemmerd zicht op het meer minder vaak mogelijk is dan van tevoren wellicht gedacht of gehoopt. Maar mooi blijft het allemaal w\u00e9l!<\/p>\n\n\n\n<figure class=\"wp-block-image size-large\"><img loading=\"lazy\" decoding=\"async\" width=\"1024\" height=\"768\" src=\"http:\/\/sjefvandepoelwandelweb.nl\/wp-content\/uploads\/2025\/09\/ML1-1-1024x768.jpg\" alt=\"\" class=\"wp-image-1983\" srcset=\"http:\/\/sjefvandepoelwandelweb.nl\/wp-content\/uploads\/2025\/09\/ML1-1-1024x768.jpg 1024w, http:\/\/sjefvandepoelwandelweb.nl\/wp-content\/uploads\/2025\/09\/ML1-1-300x225.jpg 300w, http:\/\/sjefvandepoelwandelweb.nl\/wp-content\/uploads\/2025\/09\/ML1-1-768x576.jpg 768w, http:\/\/sjefvandepoelwandelweb.nl\/wp-content\/uploads\/2025\/09\/ML1-1-1536x1152.jpg 1536w, http:\/\/sjefvandepoelwandelweb.nl\/wp-content\/uploads\/2025\/09\/ML1-1-2048x1536.jpg 2048w\" sizes=\"(max-width: 767px) 89vw, (max-width: 1000px) 54vw, (max-width: 1071px) 543px, 580px\" \/><\/figure>\n\n\n\n<p>We besluiten de Rundweg langs de westzijde te starten in de richting van de abdij en kloosterkerk van Maria Laach. Het loont de moeite om de indrukwekkende Romaanse kerk van de paters benedictijnen van nabij te gaan bekijken. Bij het binnengaan worden je zonden door een in de voorhal \u2013 bijgenaamd \u2018Das Paradies\u2019 \u2013 gebeeldhouwd duiveltje opgeschreven! De kerk is in 1156 ingewijd; de voorhal werd in 1230 gebouwd. Aanvankelijk was het een benedictijner abdij, maar in 1802 werd het klooster door de Fransen van Napoleon opgeheven. Vervolgens namen paters jezu\u00efeten het klooster weer in gebruik. Maar in 1892 ging de abdij weer terug naar de benedictijnen.<\/p>\n\n\n\n<figure class=\"wp-block-image size-large\"><img loading=\"lazy\" decoding=\"async\" width=\"768\" height=\"1024\" src=\"http:\/\/sjefvandepoelwandelweb.nl\/wp-content\/uploads\/2025\/09\/ML3-768x1024.jpg\" alt=\"\" class=\"wp-image-1984\" srcset=\"http:\/\/sjefvandepoelwandelweb.nl\/wp-content\/uploads\/2025\/09\/ML3-768x1024.jpg 768w, http:\/\/sjefvandepoelwandelweb.nl\/wp-content\/uploads\/2025\/09\/ML3-225x300.jpg 225w, http:\/\/sjefvandepoelwandelweb.nl\/wp-content\/uploads\/2025\/09\/ML3-1152x1536.jpg 1152w, http:\/\/sjefvandepoelwandelweb.nl\/wp-content\/uploads\/2025\/09\/ML3-1536x2048.jpg 1536w, http:\/\/sjefvandepoelwandelweb.nl\/wp-content\/uploads\/2025\/09\/ML3-scaled.jpg 1920w\" sizes=\"(max-width: 767px) 89vw, (max-width: 1000px) 54vw, (max-width: 1071px) 543px, 580px\" \/><\/figure>\n\n\n\n<p class=\"has-text-align-center\"><em>Het duiveltje van Maria Laach heeft het maar druk!<\/em><\/p>\n\n\n\n<p>In de buurt van de abdijkerk loopt de Rundweg een korte tijd langs de autoweg aldaar, maar dat leed is gelukkig al snel weer geleden. Door velden lopend \u2013 gadegeslagen door trotse Limousin-runderen \u2013 bereik je opnieuw de oever van de Laacher See en je begint hier aan de wandeling langs de oostzijde van het meer. Bijzonder zijn hier de zogenoemde \u2018Mofetten\u2019, dat is vulkanisch gas (koolstofdioxide) dat in de vorm van luchtbelletjes aan het wateroppervlak komt. Wij konden die luchtbelletjes tijdens onze wandeling duidelijk waarnemen. Al met al een aangename en leerzame startwandeling!<\/p>\n\n\n\n<p><strong><em>Dag 2: Traumpfad Vier-Berge-Tour (15 km)<\/em><\/strong><\/p>\n\n\n\n<p>Eerder maakten wij al kennis met een nieuw fenomeen wat betreft wandelpaden in deze omgeving, de zogenoemde \u2018Traumpfade\u2019 (\u2018Droompaden\u2019): zie \u2018Eifel Moezel (Traumpfade)\u2019 op deze wandelpagina. Traumpfade zijn aantrekkelijke rondwandelingen met een bepaald thema voor een halve of hele dag.<\/p>\n\n\n\n<figure class=\"wp-block-image size-large\"><img loading=\"lazy\" decoding=\"async\" width=\"768\" height=\"1024\" src=\"http:\/\/sjefvandepoelwandelweb.nl\/wp-content\/uploads\/2025\/10\/ML30-768x1024.jpg\" alt=\"\" class=\"wp-image-1996\" srcset=\"http:\/\/sjefvandepoelwandelweb.nl\/wp-content\/uploads\/2025\/10\/ML30-768x1024.jpg 768w, http:\/\/sjefvandepoelwandelweb.nl\/wp-content\/uploads\/2025\/10\/ML30-225x300.jpg 225w, http:\/\/sjefvandepoelwandelweb.nl\/wp-content\/uploads\/2025\/10\/ML30-1152x1536.jpg 1152w, http:\/\/sjefvandepoelwandelweb.nl\/wp-content\/uploads\/2025\/10\/ML30-1536x2048.jpg 1536w, http:\/\/sjefvandepoelwandelweb.nl\/wp-content\/uploads\/2025\/10\/ML30-scaled.jpg 1920w\" sizes=\"(max-width: 767px) 89vw, (max-width: 1000px) 54vw, (max-width: 1071px) 543px, 580px\" \/><\/figure>\n\n\n\n<p>We kiezen voor het Traumpfad \u2018Vier-Berge-Tour\u2019, niet ver van de Laacher See gelegen. Dit pad verbindt vier vulkanen met elkaar, achtereenvolgens de G\u00e4nsehals (575m), de Schmitzkopf (574m), de Sulzbusch (553m) en de Hochstein (563m). Het pad staat in de beschrijvingen als \u2018schwer\u2019 of \u2018moeilijk\u2019 omschreven, maar dat vonden wij na afloop wat overdreven (op \u00e9\u00e9n zware klim op de laatste vulkaan na!). Het onverharde Traumpfad wordt in het veld en de bossen goed aangegeven. Sowieso is het pad erg bosrijk. Onderweg tref je nogal wat welkome zitbankjes aan. Op diverse plekken kun je van fraaie vergezichten genieten. Minpuntje zou kunnen zijn dat je tijdens de wandeling nergens horeca tegenkomt. Het is dus zaak om je (dag)rugzak vooraf te vullen met de benodigde eet- en drinkwaren.&nbsp;&nbsp;&nbsp;&nbsp;<\/p>\n\n\n\n<p>Je start op parkeerplaats \u2018Erlenm\u00fchle\u2019, westelijk van het dorp Mendig. Vandaar loopt een 750m lang wandelpad door het mooie dal van de Kellbach naar de \u2018Erlenbrunnen\u2019, waar het startpunt is van de Vier-Berge-Tour. Je zou je kunnen afvragen wat \u2018Erlen\u2019 eigenlijk betekent. Zeer waarschijnlijk zijn dit \u2018elfen\u2019 en niet \u2018elzenbomen\u2019. Een beetje hetzelfde vertaalprobleem als bij het beroemde gedicht\/lied \u2018Erlk\u00f6nig\u2019 (elfenkoning) van Goethe en Schubert. In de Erlenbrunnen kun je desgewenst veilig koel bronwater tappen. De smaak is wat vreemd \u2013 er wordt op een verklarend bord voor gewaarschuwd! \u2013 en lijkt op Spa-rood z\u00f3nder prik, vonden wij.<\/p>\n\n\n\n<figure class=\"wp-block-image size-large\"><img loading=\"lazy\" decoding=\"async\" width=\"1024\" height=\"768\" src=\"http:\/\/sjefvandepoelwandelweb.nl\/wp-content\/uploads\/2025\/09\/ML7-1024x768.jpg\" alt=\"\" class=\"wp-image-1986\" srcset=\"http:\/\/sjefvandepoelwandelweb.nl\/wp-content\/uploads\/2025\/09\/ML7-1024x768.jpg 1024w, http:\/\/sjefvandepoelwandelweb.nl\/wp-content\/uploads\/2025\/09\/ML7-300x225.jpg 300w, http:\/\/sjefvandepoelwandelweb.nl\/wp-content\/uploads\/2025\/09\/ML7-768x576.jpg 768w, http:\/\/sjefvandepoelwandelweb.nl\/wp-content\/uploads\/2025\/09\/ML7-1536x1152.jpg 1536w, http:\/\/sjefvandepoelwandelweb.nl\/wp-content\/uploads\/2025\/09\/ML7-2048x1536.jpg 2048w\" sizes=\"(max-width: 767px) 89vw, (max-width: 1000px) 54vw, (max-width: 1071px) 543px, 580px\" \/><\/figure>\n\n\n\n<p class=\"has-text-align-center\"><em>Bij de Erlenbrunnen kun je veilig koel bronwater tappen<\/em><\/p>\n\n\n\n<p>We lopen de route tegen de wijzers van de klok in, richting G\u00e4nsehals, en krijgen dan eerst het meest bosrijke gedeelte van de Tour voor de voeten. Onderweg passeer je na een tijdje de massieve tufsteenwanden van het rotsmassief \u2018Rauhbuur\u2019. Wij konden hier niet overal komen wegens gevaar voor vallende stenen! Verderop kon een uitstapje worden gemaakt naar de indrukwekkende rotskloof van de \u2018Marxe-Lay\u2019, een voormalige basaltgroeve van de familie Marx met twaalf meter hoge rotswanden. <\/p>\n\n\n\n<figure class=\"wp-block-image size-large\"><img loading=\"lazy\" decoding=\"async\" width=\"768\" height=\"1024\" src=\"http:\/\/sjefvandepoelwandelweb.nl\/wp-content\/uploads\/2025\/10\/ML25-768x1024.jpg\" alt=\"\" class=\"wp-image-2014\" srcset=\"http:\/\/sjefvandepoelwandelweb.nl\/wp-content\/uploads\/2025\/10\/ML25-768x1024.jpg 768w, http:\/\/sjefvandepoelwandelweb.nl\/wp-content\/uploads\/2025\/10\/ML25-225x300.jpg 225w, http:\/\/sjefvandepoelwandelweb.nl\/wp-content\/uploads\/2025\/10\/ML25-1152x1536.jpg 1152w, http:\/\/sjefvandepoelwandelweb.nl\/wp-content\/uploads\/2025\/10\/ML25.jpg 1200w\" sizes=\"(max-width: 767px) 89vw, (max-width: 1000px) 54vw, (max-width: 1071px) 543px, 580px\" \/><\/figure>\n\n\n\n<p class=\"has-text-align-center\"><em>De basaltgroeve Marxe-Lay werd alleen door de jongeren in onze groep bezocht<\/em><\/p>\n\n\n\n<p>Als je de kronkelende route volgt door het woud kom je uiteindelijk terecht op een asfaltweggetje langs de bosrand. Je kunt hier al van een fantastisch uitzicht genieten op (een deel van) de Laacher See en omgeving. Als je bij de parkeerplaats G\u00e4nsehals rechtsaf slaat vind je snel een Schutzh\u00fctte voor een aangename rustpauze m\u00e9t panoramisch uitzicht. De hut staat ter plekke aangegeven.<\/p>\n\n\n\n<figure class=\"wp-block-image size-large\"><img loading=\"lazy\" decoding=\"async\" width=\"1024\" height=\"768\" src=\"http:\/\/sjefvandepoelwandelweb.nl\/wp-content\/uploads\/2025\/09\/ML4-1024x768.jpg\" alt=\"\" class=\"wp-image-1987\" srcset=\"http:\/\/sjefvandepoelwandelweb.nl\/wp-content\/uploads\/2025\/09\/ML4-1024x768.jpg 1024w, http:\/\/sjefvandepoelwandelweb.nl\/wp-content\/uploads\/2025\/09\/ML4-300x225.jpg 300w, http:\/\/sjefvandepoelwandelweb.nl\/wp-content\/uploads\/2025\/09\/ML4-768x576.jpg 768w, http:\/\/sjefvandepoelwandelweb.nl\/wp-content\/uploads\/2025\/09\/ML4-1536x1152.jpg 1536w, http:\/\/sjefvandepoelwandelweb.nl\/wp-content\/uploads\/2025\/09\/ML4-2048x1536.jpg 2048w\" sizes=\"(max-width: 767px) 89vw, (max-width: 1000px) 54vw, (max-width: 1071px) 543px, 580px\" \/><\/figure>\n\n\n\n<p class=\"has-text-align-center\"><em>Uitzicht op de Laacher See en omgeving vanaf de vulkaan G\u00e4nsehals<\/em><\/p>\n\n\n\n<p>Na de rustpauze ga je weer terug richting de parkeerplaats. Je gaat daar naar rechts en al snel weer naar links en volgt opnieuw een pad door het woud. Je wandelt hier op de flank van de vulkaan Schmitzkopf en waar je weer in meer open gebied terecht komt vind je opnieuw een mooi uitzichtpunt met zitbankjes: \u2018Maifeldblick\u2019 met fraai uitzicht op de vulkaan Hochstein. Vanaf nu krijg je wat vaker open terrein voor de voeten, met fraaie uitzichten op de vulkanen Sulzbusch en Hochstein. Het is een prachtig gebied hier!<\/p>\n\n\n\n<figure class=\"wp-block-image size-large\"><img loading=\"lazy\" decoding=\"async\" width=\"1024\" height=\"768\" src=\"http:\/\/sjefvandepoelwandelweb.nl\/wp-content\/uploads\/2025\/09\/ML5-1024x768.jpg\" alt=\"\" class=\"wp-image-1989\" srcset=\"http:\/\/sjefvandepoelwandelweb.nl\/wp-content\/uploads\/2025\/09\/ML5-1024x768.jpg 1024w, http:\/\/sjefvandepoelwandelweb.nl\/wp-content\/uploads\/2025\/09\/ML5-300x225.jpg 300w, http:\/\/sjefvandepoelwandelweb.nl\/wp-content\/uploads\/2025\/09\/ML5-768x576.jpg 768w, http:\/\/sjefvandepoelwandelweb.nl\/wp-content\/uploads\/2025\/09\/ML5-1536x1152.jpg 1536w, http:\/\/sjefvandepoelwandelweb.nl\/wp-content\/uploads\/2025\/09\/ML5-2048x1536.jpg 2048w\" sizes=\"(max-width: 767px) 89vw, (max-width: 1000px) 54vw, (max-width: 1071px) 543px, 580px\" \/><\/figure>\n\n\n\n<p class=\"has-text-align-center\"><em>Uitzicht op de vulkaan Hochstein vanaf het uitzichtpunt Maifeldblick<\/em><\/p>\n\n\n\n<p>Het uitzicht vanaf de op de Sulzbusch gelegen Schutzh\u00fctte op het zwaar beboste dal van het riviertje de Nette valt wat tegen door struikgewas. Even snoeien, zouden wij zeggen! Later zie je, in de afdaling van de Sulzbusch, opnieuw de Hochstein-vulkaan voor je opdoemen. Na het oversteken van een autoweg met in de wegrand zwarte \u2018zandgrotten\u2019 \u2013 naar het schijnt gegraven schuilplaatsen uit de Tweede Wereldoorlog \u2013 begint verreweg de zwaarste klim van vandaag, de beklimming van de Hochstein. Zeker voor mensen van mijn leeftijd een uitdaging met veel hijgen en stilstaan! Maar je wordt beloond met een fantastisch uitzicht op het omringende gebied van de Vulkaneifel.<\/p>\n\n\n\n<figure class=\"wp-block-image size-large\"><img loading=\"lazy\" decoding=\"async\" width=\"1024\" height=\"768\" src=\"http:\/\/sjefvandepoelwandelweb.nl\/wp-content\/uploads\/2025\/09\/ML6-1024x768.jpg\" alt=\"\" class=\"wp-image-1990\" srcset=\"http:\/\/sjefvandepoelwandelweb.nl\/wp-content\/uploads\/2025\/09\/ML6-1024x768.jpg 1024w, http:\/\/sjefvandepoelwandelweb.nl\/wp-content\/uploads\/2025\/09\/ML6-300x225.jpg 300w, http:\/\/sjefvandepoelwandelweb.nl\/wp-content\/uploads\/2025\/09\/ML6-768x576.jpg 768w, http:\/\/sjefvandepoelwandelweb.nl\/wp-content\/uploads\/2025\/09\/ML6-1536x1152.jpg 1536w, http:\/\/sjefvandepoelwandelweb.nl\/wp-content\/uploads\/2025\/09\/ML6-2048x1536.jpg 2048w\" sizes=\"(max-width: 767px) 89vw, (max-width: 1000px) 54vw, (max-width: 1071px) 543px, 580px\" \/><\/figure>\n\n\n\n<p class=\"has-text-align-center\"><em>De Genovevah\u00f6hle op de vulkaan Hochstein<\/em><\/p>\n\n\n\n<p>In het bos, waar je nu terecht komt, bevindt zich de \u2018Genovevah\u00f6hle\u2019. Genoveva was een mooie adellijke en vrome dame, die werd belaagd door een goede vriend van haar op kruistocht zijnde echtgenoot. Zij vond hier \u2013 zo wil het verhaal \u2013 met haar kind jarenlang onderdak. Uiteindelijk daal je door het bos weer af naar het idyllische Kellbachtall. Tenslotte wandelen we over een vlonderpad door het dal naar de Erlenbrunnen en weer terug naar de parkeerplaats Erlenm\u00fchle. Samengevat: een prachtige rondwandeling, zeker niet \u2018schwer\u2019, behalve dan die beklimming van de Hochstein!&nbsp;&nbsp;&nbsp; &nbsp;<\/p>\n\n\n\n<p><strong><em>Dag 3: Moselsteig Kobern-Gondorf &gt; Winningen (14km)<\/em><\/strong><\/p>\n\n\n\n<p>Er rust geen zegen op de relatie tussen onze wandelgroep en etappe 23 van de Moselsteig. Als wij hier willen gaan wandelen, regent het. Zes jaar geleden (zie het eerder genoemde verhaal \u2018Eifel Moezel (Traumpfade)\u2019 op deze wandelpagina) moesten wij een voorgenomen wandeling op dit deel van de Moselsteig annuleren wegens meer dan overvloedige regenval. Dit jaar laten de weergoden ons opnieuw in de steek, zij het dat de neerslag het wandelen dit keer niet onmogelijk maakt. Maar jammer is het natuurlijk w\u00e9l. We parkeren onze auto\u2019s bij het treinstation van het dorp Winningen aan de Moezel. Per trein gaan we naar het stadje Kobern-Gondorf, een ritje van slechts vijf minuten! De terugweg lopen we over de Moselsteig en daar zijn we in de druilerige regen vele uren mee bezig!<\/p>\n\n\n\n<figure class=\"wp-block-image size-large\"><img loading=\"lazy\" decoding=\"async\" width=\"1024\" height=\"768\" src=\"http:\/\/sjefvandepoelwandelweb.nl\/wp-content\/uploads\/2025\/10\/ML10-1024x768.jpg\" alt=\"\" class=\"wp-image-1998\" srcset=\"http:\/\/sjefvandepoelwandelweb.nl\/wp-content\/uploads\/2025\/10\/ML10-1024x768.jpg 1024w, http:\/\/sjefvandepoelwandelweb.nl\/wp-content\/uploads\/2025\/10\/ML10-300x225.jpg 300w, http:\/\/sjefvandepoelwandelweb.nl\/wp-content\/uploads\/2025\/10\/ML10-768x576.jpg 768w, http:\/\/sjefvandepoelwandelweb.nl\/wp-content\/uploads\/2025\/10\/ML10-1536x1152.jpg 1536w, http:\/\/sjefvandepoelwandelweb.nl\/wp-content\/uploads\/2025\/10\/ML10-2048x1536.jpg 2048w\" sizes=\"(max-width: 767px) 89vw, (max-width: 1000px) 54vw, (max-width: 1071px) 543px, 580px\" \/><\/figure>\n\n\n\n<p class=\"has-text-align-center\"><em>Een mooi pand in Kobern-Gondorf bij de Tatzelwurmbrunnen<\/em><\/p>\n\n\n\n<p>We volgen vanaf het station een zogenoemde \u2018zuweg\u2019 naar de Moselsteig via het mooie centrum van Kobern-Gondorf. Al snel gaat het bergopwaarts, naar de middeleeuwse ru\u00efne van de \u2018Niederburg\u2019. Vanaf hier kun je al genieten van een fraai uitzicht op Kobern-Gondorf en het dal van de Moezel. Maar we gaan nog verder omhoog. Via een zitbankje waar Michael Jackson wordt herdacht, bereiken we de \u2018Matthiaskapel\u2019 en de daarnaast gelegen \u2018Oberburg\u2019. <\/p>\n\n\n\n<figure class=\"wp-block-image size-large\"><img loading=\"lazy\" decoding=\"async\" width=\"1024\" height=\"768\" src=\"http:\/\/sjefvandepoelwandelweb.nl\/wp-content\/uploads\/2025\/10\/ML11-1024x768.jpg\" alt=\"\" class=\"wp-image-1999\" srcset=\"http:\/\/sjefvandepoelwandelweb.nl\/wp-content\/uploads\/2025\/10\/ML11-1024x768.jpg 1024w, http:\/\/sjefvandepoelwandelweb.nl\/wp-content\/uploads\/2025\/10\/ML11-300x225.jpg 300w, http:\/\/sjefvandepoelwandelweb.nl\/wp-content\/uploads\/2025\/10\/ML11-768x576.jpg 768w, http:\/\/sjefvandepoelwandelweb.nl\/wp-content\/uploads\/2025\/10\/ML11-1536x1152.jpg 1536w, http:\/\/sjefvandepoelwandelweb.nl\/wp-content\/uploads\/2025\/10\/ML11-2048x1536.jpg 2048w\" sizes=\"(max-width: 767px) 89vw, (max-width: 1000px) 54vw, (max-width: 1071px) 543px, 580px\" \/><\/figure>\n\n\n\n<p class=\"has-text-align-center\"><em>De bezienswaardige Matthiaskapel grenst aan de Oberburg<\/em><\/p>\n\n\n\n<p>Opnieuw fraaie uitzichten op het Moezeldal, nu met de Niederburg erbij! De zeshoekige Matthiaskapel dateert van 800 jaar geleden en is gebouwd om het hoofdreliek van de apostel Mattheus te bewaren (maar dat relikwie wordt nu elders bewaard). Het is een van de belangrijkste laatromaanse kapellen in deze streek. Een bezoekje aan de rijk versierde kapel is zeker de moeite waard. Daarna kun je desgewenst gaan koffiedrinken in de Oberburg. Dit is dan, voorlopig, de laatste horeca-gelegenheid tijdens de 23<sup>e<\/sup> etappe van de Moselsteig! Pas bij de Rastst\u00e4tte bij de Moselbr\u00fccke in de A61 is een volgende gelegenheid. Maar dan ben je al niet ver meer van het einddoel Winningen.<\/p>\n\n\n\n<figure class=\"wp-block-image size-large\"><img loading=\"lazy\" decoding=\"async\" width=\"1024\" height=\"768\" src=\"http:\/\/sjefvandepoelwandelweb.nl\/wp-content\/uploads\/2025\/10\/ML13-1024x768.jpg\" alt=\"\" class=\"wp-image-2001\" srcset=\"http:\/\/sjefvandepoelwandelweb.nl\/wp-content\/uploads\/2025\/10\/ML13-1024x768.jpg 1024w, http:\/\/sjefvandepoelwandelweb.nl\/wp-content\/uploads\/2025\/10\/ML13-300x225.jpg 300w, http:\/\/sjefvandepoelwandelweb.nl\/wp-content\/uploads\/2025\/10\/ML13-768x576.jpg 768w, http:\/\/sjefvandepoelwandelweb.nl\/wp-content\/uploads\/2025\/10\/ML13-1536x1152.jpg 1536w, http:\/\/sjefvandepoelwandelweb.nl\/wp-content\/uploads\/2025\/10\/ML13-2048x1536.jpg 2048w\" sizes=\"(max-width: 767px) 89vw, (max-width: 1000px) 54vw, (max-width: 1071px) 543px, 580px\" \/><\/figure>\n\n\n\n<p class=\"has-text-align-center\"><em>Uitzicht vanaf de Matthiaskapel op het dal van de Moezel en Kobern-Gondorf <\/em><\/p>\n\n\n\n<p>Vanaf de Matthiaskapel wandel je het zwaar beboste dal van de \u2018Hohensteinsbach\u2019 in. Een prachtig pad, dat echter op een gegeven moment een \u2018U-turn\u2019 maakt om vervolgens, aan de andere kant van de beek, door het eikenbos steil omhoog te gaan naar het uitzichtpunt \u2018Rosenberg\u2019. Opnieuw een fraai uitzicht op het Moezeldal bij Kobern-Gondorf! Na een inspannende klim bereik je de hoogvlakte. Hier volgt de Moselsteig enige tijd een route door glooiend akkerland. Prima om even bij te komen van het klimmen zojuist. In de verte zien we al de indrukwekkende Moselbr\u00fccke in de Autobahn 61. De vermoeienissen zijn echter nog niet voorbij!<\/p>\n\n\n\n<p>Je komt terecht in het zwaar beboste, rustieke &#8216;Belltal&#8217;, met daarin de &#8216;Belltalbach&#8217;, een zijbeek van de Moezel. Na een lange afdaling volgt opnieuw een forse klim, hier zelfs met een waarschuwingsbord aangekondigd: &#8216;Achtung! Steile Anstieg!\u2019. En dat was niet overdreven, zeker niet voor een 73-jarige wandelaar!<\/p>\n\n\n\n<p>Na de klim blijft de Moselsteig op hoogte en slingert door het bos richting de steeds imposanter wordende Moselbr\u00fccke. Vlak v\u00f3\u00f3r de brug vind je de Schutzh\u00fctte Blumslay met een schitterend uitzicht op de 935m lange brug in de Autobahn die hier, op 136m hoogte, de Moezel overspant. Een prachtige rustplek!<\/p>\n\n\n\n<figure class=\"wp-block-image size-large\"><img loading=\"lazy\" decoding=\"async\" width=\"1024\" height=\"768\" src=\"http:\/\/sjefvandepoelwandelweb.nl\/wp-content\/uploads\/2025\/10\/ML14-1024x768.jpg\" alt=\"\" class=\"wp-image-2002\" srcset=\"http:\/\/sjefvandepoelwandelweb.nl\/wp-content\/uploads\/2025\/10\/ML14-1024x768.jpg 1024w, http:\/\/sjefvandepoelwandelweb.nl\/wp-content\/uploads\/2025\/10\/ML14-300x225.jpg 300w, http:\/\/sjefvandepoelwandelweb.nl\/wp-content\/uploads\/2025\/10\/ML14-768x576.jpg 768w, http:\/\/sjefvandepoelwandelweb.nl\/wp-content\/uploads\/2025\/10\/ML14-1536x1152.jpg 1536w, http:\/\/sjefvandepoelwandelweb.nl\/wp-content\/uploads\/2025\/10\/ML14-2048x1536.jpg 2048w\" sizes=\"(max-width: 767px) 89vw, (max-width: 1000px) 54vw, (max-width: 1071px) 543px, 580px\" \/><\/figure>\n\n\n\n<p class=\"has-text-align-center\"><em>Uitzichtpunt Blumslay biedt een prachtig uitzicht op de imponerende Moselbr\u00fccke<\/em><\/p>\n\n\n\n<p>Op brugdekniveau wandelen we via trapjes onder de brug door en nadat we de Rastst\u00e4tte hebben verlaten lopen we door bossen, weiden en wijngaarden naar het treinstation van het leuke dorp Winningen. Ook op dit laatste stuk moet je, bij de wijngaarden, af en toe goed opletten waar je loopt. Een van de jongeren in onze wandelgroep weet bij aankomst bij het treinstation ter plaatse een heuse \u2018Weinprobe\u2019 te regelen van Moezelwijnen en dat in de overkapte aanhangwagen van een tractor die normaliter wordt gebruikt voor toeristische rondritten door de wijngaarden. Een mooie afsluiting van toch weer een inspannende wandeldag in de regen!&nbsp;<\/p>\n\n\n\n<figure class=\"wp-block-image size-large\"><img loading=\"lazy\" decoding=\"async\" width=\"1024\" height=\"768\" src=\"http:\/\/sjefvandepoelwandelweb.nl\/wp-content\/uploads\/2025\/10\/ML15-1024x768.jpg\" alt=\"\" class=\"wp-image-2003\" srcset=\"http:\/\/sjefvandepoelwandelweb.nl\/wp-content\/uploads\/2025\/10\/ML15-1024x768.jpg 1024w, http:\/\/sjefvandepoelwandelweb.nl\/wp-content\/uploads\/2025\/10\/ML15-300x225.jpg 300w, http:\/\/sjefvandepoelwandelweb.nl\/wp-content\/uploads\/2025\/10\/ML15-768x576.jpg 768w, http:\/\/sjefvandepoelwandelweb.nl\/wp-content\/uploads\/2025\/10\/ML15-1536x1152.jpg 1536w, http:\/\/sjefvandepoelwandelweb.nl\/wp-content\/uploads\/2025\/10\/ML15-2048x1536.jpg 2048w\" sizes=\"(max-width: 767px) 89vw, (max-width: 1000px) 54vw, (max-width: 1071px) 543px, 580px\" \/><\/figure>\n\n\n\n<p class=\"has-text-align-center\"><em>Tenslotte een fraai uitzicht op Winningen tussen Moezel en wijngaarden<\/em><\/p>\n\n\n\n<p><\/p>\n\n\n\n<p><strong><em>Dag 4: Traumpfad Nette-Schieferpfad (6 km)<\/em><\/strong><\/p>\n\n\n\n<p>De laatste dag hebben we niet zoveel tijd meer voor een slotwandeling, dus we besluiten de voorgenomen route over het Traumpfad Nette-Schieferpfad in te korten van 9,2 kilometer naar 6 kilometer. We lopen de \u2018westelijke lus\u2019 van het pad, gerekend vanuit het in de vallei van het riviertje de Nette gelegen dorp Trimbs. De auto\u2019s kun je parkeren op het \u2018Dorfplatz\u2019 aan de Hauptstrasse bij de brug over de Nette.<\/p>\n\n\n\n<figure class=\"wp-block-image size-large\"><img loading=\"lazy\" decoding=\"async\" width=\"768\" height=\"1024\" src=\"http:\/\/sjefvandepoelwandelweb.nl\/wp-content\/uploads\/2025\/10\/ML27-768x1024.jpg\" alt=\"\" class=\"wp-image-2004\" srcset=\"http:\/\/sjefvandepoelwandelweb.nl\/wp-content\/uploads\/2025\/10\/ML27-768x1024.jpg 768w, http:\/\/sjefvandepoelwandelweb.nl\/wp-content\/uploads\/2025\/10\/ML27-225x300.jpg 225w, http:\/\/sjefvandepoelwandelweb.nl\/wp-content\/uploads\/2025\/10\/ML27-1152x1536.jpg 1152w, http:\/\/sjefvandepoelwandelweb.nl\/wp-content\/uploads\/2025\/10\/ML27-1536x2048.jpg 1536w, http:\/\/sjefvandepoelwandelweb.nl\/wp-content\/uploads\/2025\/10\/ML27-scaled.jpg 1920w\" sizes=\"(max-width: 767px) 89vw, (max-width: 1000px) 54vw, (max-width: 1071px) 543px, 580px\" \/><\/figure>\n\n\n\n<p class=\"has-text-align-center\"><em>Ook het Nette-Schieferpfad is goed bewegwijzerd<\/em><\/p>\n\n\n\n<p>De Nette is een klein riviertje dat in deze streek tientallen kilometers lang een mooie idyllische vallei heeft gevormd, waar het prachtig wandelen is. \u2018Schiefer\u2019 betekent in het Duits \u2018leisteen\u2019, een in deze streek veel voorkomende en gebruikte steensoort.<\/p>\n\n\n\n<p>We navigeren in noordwestelijke richting door het dorp via de Kirchstrasse en vervolgens over een smal paadje naar de straat Auf dem Hostert die uitkomt op een stijgend onverhard pad. Bij het oude wegkruis \u2018Sch\u00e4ppl\u00f6ffel\u2019 bereiken we het Traumpfad Nette-Schieferpfad, waar we linksaf slaan. We volgen het kronkelende smalle pad op hoogte door het dal van de Nette over veelal rotsige bodem, vooral leisteen. Bij \u2018Kretzer\u2019s Lay\u2019 vind je een mooi uitzichtpunt op het dal van de Nette. Je passeert leistenen muurtjes, waarachter, zo begrepen wij, ooit wijngaarden waren. Ook passeer je een \u2018Schiefer-Abbaukammer\u2019, waar ooit leisteen werd \u2018gewonnen\u2019.&nbsp; Daarna zie je beneden in het dal de boerderij \u2018Nettehof\u2019, waar kennelijk met paarden wordt gewerkt. Het is leuk wandelen hier!<\/p>\n\n\n\n<figure class=\"wp-block-image size-large\"><img loading=\"lazy\" decoding=\"async\" width=\"1024\" height=\"768\" src=\"http:\/\/sjefvandepoelwandelweb.nl\/wp-content\/uploads\/2025\/10\/ML22-1-1024x768.jpg\" alt=\"\" class=\"wp-image-2010\" srcset=\"http:\/\/sjefvandepoelwandelweb.nl\/wp-content\/uploads\/2025\/10\/ML22-1-1024x768.jpg 1024w, http:\/\/sjefvandepoelwandelweb.nl\/wp-content\/uploads\/2025\/10\/ML22-1-300x225.jpg 300w, http:\/\/sjefvandepoelwandelweb.nl\/wp-content\/uploads\/2025\/10\/ML22-1-768x576.jpg 768w, http:\/\/sjefvandepoelwandelweb.nl\/wp-content\/uploads\/2025\/10\/ML22-1-1536x1152.jpg 1536w, http:\/\/sjefvandepoelwandelweb.nl\/wp-content\/uploads\/2025\/10\/ML22-1-2048x1536.jpg 2048w\" sizes=\"(max-width: 767px) 89vw, (max-width: 1000px) 54vw, (max-width: 1071px) 543px, 580px\" \/><\/figure>\n\n\n\n<p class=\"has-text-align-center\"><em>Het dal van de Nette bij het dorp Trimbs<\/em><\/p>\n\n\n\n<p>Iets verderop daal je af in het dal van de Nette en maakt het Nette-Schieferpfad een scherpe bocht in zuidelijke richting. V\u00f3\u00f3r de Nettehof wandel je rechtsaf het bos in en je bereikt na enige tijd de reeds aangegeven \u2018Nette-Wasserfall\u2019. Klein, maar fijn, zullen we maar zeggen. <\/p>\n\n\n\n<figure class=\"wp-block-image size-large\"><img loading=\"lazy\" decoding=\"async\" width=\"1024\" height=\"768\" src=\"http:\/\/sjefvandepoelwandelweb.nl\/wp-content\/uploads\/2025\/10\/ML18-1024x768.jpg\" alt=\"\" class=\"wp-image-2006\" srcset=\"http:\/\/sjefvandepoelwandelweb.nl\/wp-content\/uploads\/2025\/10\/ML18-1024x768.jpg 1024w, http:\/\/sjefvandepoelwandelweb.nl\/wp-content\/uploads\/2025\/10\/ML18-300x225.jpg 300w, http:\/\/sjefvandepoelwandelweb.nl\/wp-content\/uploads\/2025\/10\/ML18-768x576.jpg 768w, http:\/\/sjefvandepoelwandelweb.nl\/wp-content\/uploads\/2025\/10\/ML18-1536x1152.jpg 1536w, http:\/\/sjefvandepoelwandelweb.nl\/wp-content\/uploads\/2025\/10\/ML18-2048x1536.jpg 2048w\" sizes=\"(max-width: 767px) 89vw, (max-width: 1000px) 54vw, (max-width: 1071px) 543px, 580px\" \/><\/figure>\n\n\n\n<p class=\"has-text-align-center\"><em>De kleine Nette-Wasserfall in het Nette-Schieferpfad<\/em><\/p>\n\n\n\n<p>Het wandelpad klimt hierna door het bos langzaam maar zeker uit het dal van de Nette, tot je bij een uitzichtpunt komt, vanwaar je een mooi uitzicht hebt op het Nette-dal \u00e9n het \u2018Nette-Viaduct\u2019, een spoorwegviaduct uit 1904.<\/p>\n\n\n\n<figure class=\"wp-block-image size-large\"><img loading=\"lazy\" decoding=\"async\" width=\"1024\" height=\"768\" src=\"http:\/\/sjefvandepoelwandelweb.nl\/wp-content\/uploads\/2025\/10\/ML24-1-1024x768.jpg\" alt=\"\" class=\"wp-image-2011\" srcset=\"http:\/\/sjefvandepoelwandelweb.nl\/wp-content\/uploads\/2025\/10\/ML24-1-1024x768.jpg 1024w, http:\/\/sjefvandepoelwandelweb.nl\/wp-content\/uploads\/2025\/10\/ML24-1-300x225.jpg 300w, http:\/\/sjefvandepoelwandelweb.nl\/wp-content\/uploads\/2025\/10\/ML24-1-768x576.jpg 768w, http:\/\/sjefvandepoelwandelweb.nl\/wp-content\/uploads\/2025\/10\/ML24-1-1536x1152.jpg 1536w, http:\/\/sjefvandepoelwandelweb.nl\/wp-content\/uploads\/2025\/10\/ML24-1-2048x1536.jpg 2048w\" sizes=\"(max-width: 767px) 89vw, (max-width: 1000px) 54vw, (max-width: 1071px) 543px, 580px\" \/><\/figure>\n\n\n\n<p class=\"has-text-align-center\"><em>Het dal van de Nette met in de verte tussen de bomen het Nette-Viaduct<\/em><\/p>\n\n\n\n<p>De betreffende spoorweg bestaat niet meer en dat merk je iets later wanneer het Nette-Schieferpfad uitkomt op de voormalige spoorbaan, nu getransformeerd tot aantrekkelijk fietspad (&#8216;Maifeld-radweg\u2019). De route loopt door de 250m lange spoortunnel, die je nu voor je ziet. <\/p>\n\n\n\n<figure class=\"wp-block-image size-large\"><img loading=\"lazy\" decoding=\"async\" width=\"1024\" height=\"768\" src=\"http:\/\/sjefvandepoelwandelweb.nl\/wp-content\/uploads\/2025\/10\/ML29-1-1024x768.jpg\" alt=\"\" class=\"wp-image-2012\" srcset=\"http:\/\/sjefvandepoelwandelweb.nl\/wp-content\/uploads\/2025\/10\/ML29-1-1024x768.jpg 1024w, http:\/\/sjefvandepoelwandelweb.nl\/wp-content\/uploads\/2025\/10\/ML29-1-300x225.jpg 300w, http:\/\/sjefvandepoelwandelweb.nl\/wp-content\/uploads\/2025\/10\/ML29-1-768x576.jpg 768w, http:\/\/sjefvandepoelwandelweb.nl\/wp-content\/uploads\/2025\/10\/ML29-1-1536x1152.jpg 1536w, http:\/\/sjefvandepoelwandelweb.nl\/wp-content\/uploads\/2025\/10\/ML29-1-2048x1536.jpg 2048w\" sizes=\"(max-width: 767px) 89vw, (max-width: 1000px) 54vw, (max-width: 1071px) 543px, 580px\" \/><\/figure>\n\n\n\n<p class=\"has-text-align-center\"><em>Wandelen door een oude spoortunnel blijft altijd leuk!<\/em><\/p>\n\n\n\n<p>N\u00e1 die tunnel loop je op het tegen de heuvelwand geplaatst \u2018Lehnen-Viaduct\u2019 met opnieuw fraaie uitzichten op de omgeving. Kort v\u00f3\u00f3r een tweede tunnel sla je echter links af en start je de beklimming van de \u2018Burgkopf\u2019. Aldaar, iets van het pad af, opnieuw een uitzichtpunt met het dal van de Nette en omgeving voor je voeten.<\/p>\n\n\n\n<figure class=\"wp-block-image size-large\"><img loading=\"lazy\" decoding=\"async\" width=\"1024\" height=\"768\" src=\"http:\/\/sjefvandepoelwandelweb.nl\/wp-content\/uploads\/2025\/10\/ML20-1024x768.jpg\" alt=\"\" class=\"wp-image-2009\" srcset=\"http:\/\/sjefvandepoelwandelweb.nl\/wp-content\/uploads\/2025\/10\/ML20-1024x768.jpg 1024w, http:\/\/sjefvandepoelwandelweb.nl\/wp-content\/uploads\/2025\/10\/ML20-300x225.jpg 300w, http:\/\/sjefvandepoelwandelweb.nl\/wp-content\/uploads\/2025\/10\/ML20-768x576.jpg 768w, http:\/\/sjefvandepoelwandelweb.nl\/wp-content\/uploads\/2025\/10\/ML20-1536x1152.jpg 1536w, http:\/\/sjefvandepoelwandelweb.nl\/wp-content\/uploads\/2025\/10\/ML20-2048x1536.jpg 2048w\" sizes=\"(max-width: 767px) 89vw, (max-width: 1000px) 54vw, (max-width: 1071px) 543px, 580px\" \/><\/figure>\n\n\n\n<p class=\"has-text-align-center\"><em>Uitzicht vanaf de Burgkopf<\/em><\/p>\n\n\n\n<p>Vervolgens wandel je een tijdje door het bos op de flanken van het Nette-dal. Later bewandel je een grasbaan op de grens van bos en open akkerland. Uiteindelijk krijg je bij het uitzichtpunt \u2018Im Burgberg\u2019 het dorp Trimbs weer in zicht. Het pad naar beneden is hier en daar vrij steil en voorzien van vele ongelijke trappetjes. Dus geen gemakkelijke afdaling voor mensen op leeftijd! Samenvattend: zes kilometer lang een leuke kennismaking met het aantrekkelijke dal van de Nette. &nbsp;<\/p>\n\n\n\n<p class=\"has-text-align-center\">&#8211; &#8211; &#8211;<\/p>\n\n\n\n<p>&nbsp;(Copyright: JWE van de Poel)<\/p>\n","protected":false},"excerpt":{"rendered":"<p>Inmiddels 73 jaar oud zijnde, ontbrak het mij niet aan de ambitie om in 2025 wederom ons jaarlijkse wandelweekend te organiseren. Voor de 68e keer in successie een meerdaags voettocht- of wandelavontuur! Voor mij telkens weer een mooie gelegenheid om mijn actuele conditie te testen. Dit keer gingen wij met tien wandelaars op pad: drie &hellip; <\/p>\n<p class=\"link-more\"><a href=\"http:\/\/sjefvandepoelwandelweb.nl\/?page_id=1973\" class=\"more-link\">Lees verder <span class=\"screen-reader-text\">&#8220;Oost-Eifel \/ Maria Laach&#8221;<\/span><\/a><\/p>\n","protected":false},"author":1,"featured_media":0,"parent":0,"menu_order":0,"comment_status":"closed","ping_status":"closed","template":"","meta":{"footnotes":""},"_links":{"self":[{"href":"http:\/\/sjefvandepoelwandelweb.nl\/index.php?rest_route=\/wp\/v2\/pages\/1973"}],"collection":[{"href":"http:\/\/sjefvandepoelwandelweb.nl\/index.php?rest_route=\/wp\/v2\/pages"}],"about":[{"href":"http:\/\/sjefvandepoelwandelweb.nl\/index.php?rest_route=\/wp\/v2\/types\/page"}],"author":[{"embeddable":true,"href":"http:\/\/sjefvandepoelwandelweb.nl\/index.php?rest_route=\/wp\/v2\/users\/1"}],"replies":[{"embeddable":true,"href":"http:\/\/sjefvandepoelwandelweb.nl\/index.php?rest_route=%2Fwp%2Fv2%2Fcomments&post=1973"}],"version-history":[{"count":14,"href":"http:\/\/sjefvandepoelwandelweb.nl\/index.php?rest_route=\/wp\/v2\/pages\/1973\/revisions"}],"predecessor-version":[{"id":2020,"href":"http:\/\/sjefvandepoelwandelweb.nl\/index.php?rest_route=\/wp\/v2\/pages\/1973\/revisions\/2020"}],"wp:attachment":[{"href":"http:\/\/sjefvandepoelwandelweb.nl\/index.php?rest_route=%2Fwp%2Fv2%2Fmedia&parent=1973"}],"curies":[{"name":"wp","href":"https:\/\/api.w.org\/{rel}","templated":true}]}}